{"id":26774,"date":"2022-08-12T08:33:12","date_gmt":"2022-08-12T06:33:12","guid":{"rendered":"https:\/\/poloniaoberoesterreich.com\/?page_id=26774"},"modified":"2024-11-22T11:48:20","modified_gmt":"2024-11-22T10:48:20","slug":"2012-fotogalerie","status":"publish","type":"page","link":"https:\/\/poloniaoberoesterreich.com\/de\/fotogallerie\/2012-fotogalerie\/","title":{"rendered":"2012"},"content":{"rendered":"<div data-elementor-type=\"wp-page\" data-elementor-id=\"26774\" class=\"elementor elementor-26774\" data-elementor-post-type=\"page\">\n\t\t\t\t\t\t<section class=\"elementor-section elementor-top-section elementor-element elementor-element-3fd1e36c elementor-section-content-middle elementor-section-boxed elementor-section-height-default elementor-section-height-default\" data-id=\"3fd1e36c\" data-element_type=\"section\">\n\t\t\t\t\t\t<div class=\"elementor-container elementor-column-gap-default\">\n\t\t\t\t\t<div class=\"elementor-column elementor-col-100 elementor-top-column elementor-element elementor-element-5f8b2c3b\" data-id=\"5f8b2c3b\" data-element_type=\"column\" data-settings=\"{&quot;background_background&quot;:&quot;classic&quot;}\">\n\t\t\t<div class=\"elementor-widget-wrap elementor-element-populated\">\n\t\t\t\t\t\t<section class=\"elementor-section elementor-inner-section elementor-element elementor-element-4bf0012d elementor-section-boxed elementor-section-height-default elementor-section-height-default\" data-id=\"4bf0012d\" data-element_type=\"section\">\n\t\t\t\t\t\t<div class=\"elementor-container elementor-column-gap-default\">\n\t\t\t\t\t<div class=\"elementor-column elementor-col-50 elementor-inner-column elementor-element elementor-element-7caf9130\" data-id=\"7caf9130\" data-element_type=\"column\">\n\t\t\t<div class=\"elementor-widget-wrap elementor-element-populated\">\n\t\t\t\t\t\t<div class=\"elementor-element elementor-element-7bac2ee elementor-widget elementor-widget-sp-breadcrumbs\" data-id=\"7bac2ee\" data-element_type=\"widget\" data-widget_type=\"sp-breadcrumbs.default\">\n\t\t\t\t<div class=\"elementor-widget-container\">\n\t\t\t\t\t<nav  aria-label=\"Brotkr\u00fcmel\"><ol class=\"breadcrumb\" itemscope itemtype=\"https:\/\/schema.org\/BreadcrumbList\"><li class=\"breadcrumb-item active\" aria-current=\"page\" itemprop=\"itemListElement\" itemscope itemtype=\"https:\/\/schema.org\/ListItem\"><span itemprop=\"name\">Home<\/span><meta itemprop=\"position\" content=\"1\"><\/li><\/ol><\/nav>\t\t\t\t<\/div>\n\t\t\t\t<\/div>\n\t\t\t\t\t<\/div>\n\t\t<\/div>\n\t\t\t\t<div class=\"elementor-column elementor-col-50 elementor-inner-column elementor-element elementor-element-405d34f3\" data-id=\"405d34f3\" data-element_type=\"column\">\n\t\t\t<div class=\"elementor-widget-wrap elementor-element-populated\">\n\t\t\t\t\t\t<div class=\"elementor-element elementor-element-420c92e7 elementor-search-form--skin-classic elementor-search-form--button-type-icon elementor-search-form--icon-search elementor-widget elementor-widget-search-form\" data-id=\"420c92e7\" data-element_type=\"widget\" data-settings=\"{&quot;skin&quot;:&quot;classic&quot;}\" data-widget_type=\"search-form.default\">\n\t\t\t\t\t\t\t<search role=\"search\">\n\t\t\t<form class=\"elementor-search-form\" action=\"https:\/\/poloniaoberoesterreich.com\/de\/\" method=\"get\" data-trp-original-action=\"https:\/\/poloniaoberoesterreich.com\/de\">\n\t\t\t\t\t\t\t\t\t\t\t\t<div class=\"elementor-search-form__container\">\n\t\t\t\t\t<label class=\"elementor-screen-only\" for=\"elementor-search-form-420c92e7\">Suche<\/label>\n\n\t\t\t\t\t\n\t\t\t\t\t<input id=\"elementor-search-form-420c92e7\" placeholder=\"Suche ...\" class=\"elementor-search-form__input\" type=\"search\" name=\"s\" value=\"\">\n\t\t\t\t\t\n\t\t\t\t\t\t\t\t\t\t\t<button class=\"elementor-search-form__submit\" type=\"submit\" aria-label=\"Suche\">\n\t\t\t\t\t\t\t\t\t\t\t\t\t\t\t<i aria-hidden=\"true\" class=\"fas fa-search\"><\/i>\t\t\t\t\t\t\t\t\t\t\t\t\t<\/button>\n\t\t\t\t\t\n\t\t\t\t\t\t\t\t\t<\/div>\n\t\t\t<input type=\"hidden\" name=\"trp-form-language\" value=\"de\"\/><\/form>\n\t\t<\/search>\n\t\t\t\t\t\t<\/div>\n\t\t\t\t\t<\/div>\n\t\t<\/div>\n\t\t\t\t\t<\/div>\n\t\t<\/section>\n\t\t\t\t\t<\/div>\n\t\t<\/div>\n\t\t\t\t\t<\/div>\n\t\t<\/section>\n\t\t\t\t<section class=\"elementor-section elementor-top-section elementor-element elementor-element-6adfc9d0 elementor-section-boxed elementor-section-height-default elementor-section-height-default\" data-id=\"6adfc9d0\" data-element_type=\"section\">\n\t\t\t\t\t\t<div class=\"elementor-container elementor-column-gap-default\">\n\t\t\t\t\t<div class=\"elementor-column elementor-col-100 elementor-top-column elementor-element elementor-element-57f319a\" data-id=\"57f319a\" data-element_type=\"column\" data-settings=\"{&quot;background_background&quot;:&quot;classic&quot;}\">\n\t\t\t<div class=\"elementor-widget-wrap elementor-element-populated\">\n\t\t\t\t\t\t<section class=\"elementor-section elementor-inner-section elementor-element elementor-element-5b5ab9bb elementor-section-boxed elementor-section-height-default elementor-section-height-default\" data-id=\"5b5ab9bb\" data-element_type=\"section\">\n\t\t\t\t\t\t<div class=\"elementor-container elementor-column-gap-default\">\n\t\t\t\t\t<div class=\"elementor-column elementor-col-50 elementor-inner-column elementor-element elementor-element-550964a1\" data-id=\"550964a1\" data-element_type=\"column\" data-settings=\"{&quot;background_background&quot;:&quot;classic&quot;}\">\n\t\t\t<div class=\"elementor-widget-wrap elementor-element-populated\">\n\t\t\t\t\t\t<div class=\"elementor-element elementor-element-7e3f2637 elementor-widget elementor-widget-text-editor\" data-id=\"7e3f2637\" data-element_type=\"widget\" data-widget_type=\"text-editor.default\">\n\t\t\t\t\t\t\t\t\t\n<p>Fotogalerie von 2012<\/p>\n\n<p>\t<div class=\"ngg-albumoverview default-view\">\n\t\t\t\t\t<div class=\"ngg-album\">\n\t\t\t\t<div class=\"ngg-albumcontent\">\n\t\t\t\t\t\t\t\t\t\t\t<div class=\"ngg-thumbnail\">\n\t\t\t\t\t\t\t<a class='gallery_link' href='https:\/\/poloniaoberoesterreich.com\/de\/fotogallerie\/2012-fotogalerie\/nggallery\/album-12\/v-zabawa-sylwestrowa-polonii-w-gornej-austrii-31-12-2012'>\n\t\t\t\t\t\t\t\t<img class=\"Thumb\"\n\t\t\t\t\t\t\t\t\talt=\"5. Silvesterparty der polnischen Gemeinde in Ober\u00f6sterreich - 31.12.2012\"\n\t\t\t\t\t\t\t\t\tsrc=\"https:\/\/poloniaoberoesterreich.com\/wp-content\/gallery\/sylwester_2012\/cache\/DSC_0129-3.JPG-nggid0515627-ngg0dyn-240x160x100-00f0w010c011r110f110r010t010.JPG\"\/>\n\t\t\t\t\t\t\t<\/a>\n\t\t\t\t\t\t<\/div>\n\t\t\t\t\t\t\t\t\t\t<div class=\"ngg-albumtitle\">\n\t\t\t\t\t\t<a class='gallery_link' href='https:\/\/poloniaoberoesterreich.com\/de\/fotogallerie\/2012-fotogalerie\/nggallery\/album-12\/v-zabawa-sylwestrowa-polonii-w-gornej-austrii-31-12-2012'>5. Silvesterparty der polnischen Gemeinde in Ober\u00f6sterreich - 31.12.2012<\/a>\n\t\t\t\t\t<\/div>\n\t\t\t\t\t<div class=\"ngg-description\">\n\t\t\t\t\t\t<p>Es ist bereits da, es ist bereits das Jahr 2013 und es wird 365 Tage lang herrschen. Unsere Gemeinde begr\u00fc\u00dfte sie mit gro\u00dfem Pomp und W\u00fcrde bei einer Silvesterparty.\r\nInmitten von Tanz und Gesang w\u00e4hlte das Publikum das beste Tanzpaar, Wioletta und Jan Trochanowski. &gt;&gt;&gt;&gt;&gt;Fotos: Pawe\u0142 Friedel, W\u0142adys\u0142aw Ciszewski, Katarzyna Bobik-Steiner\r\n<\/p>\n\t\t\t\t\t\t\t\t\t\t\t\t\t<p class=\"ngg-album-gallery-image-counter\">\n\t\t\t\t\t\t\t\t<strong>174<\/strong>&nbsp;Fotos<\/p>\n\t\t\t\t\t\t\t\t\t\t\t<\/div>\n\t\t\t\t<\/div>\n\t\t\t<\/div>\n\t\t\t\t\t<div class=\"ngg-album\">\n\t\t\t\t<div class=\"ngg-albumcontent\">\n\t\t\t\t\t\t\t\t\t\t\t<div class=\"ngg-thumbnail\">\n\t\t\t\t\t\t\t<a class='gallery_link' href='https:\/\/poloniaoberoesterreich.com\/de\/fotogallerie\/2012-fotogalerie\/nggallery\/album-12\/koncert-koled-w-ambasadzie-rp-19-12-2012'>\n\t\t\t\t\t\t\t\t<img class=\"Thumb\"\n\t\t\t\t\t\t\t\t\talt=\"Konzert der Weihnachtslieder in der Botschaft der Republik Polen - 19.12.2012\"\n\t\t\t\t\t\t\t\t\tsrc=\"https:\/\/poloniaoberoesterreich.com\/wp-content\/gallery\/koledy_w_ambasadzie_2012\/cache\/PC190427.JPG-nggid0515570-ngg0dyn-240x160x100-00f0w010c011r110f110r010t010.JPG\"\/>\n\t\t\t\t\t\t\t<\/a>\n\t\t\t\t\t\t<\/div>\n\t\t\t\t\t\t\t\t\t\t<div class=\"ngg-albumtitle\">\n\t\t\t\t\t\t<a class='gallery_link' href='https:\/\/poloniaoberoesterreich.com\/de\/fotogallerie\/2012-fotogalerie\/nggallery\/album-12\/koncert-koled-w-ambasadzie-rp-19-12-2012'>Konzert der Weihnachtslieder in der Botschaft der Republik Polen - 19.12.2012<\/a>\n\t\t\t\t\t<\/div>\n\t\t\t\t\t<div class=\"ngg-description\">\n\t\t\t\t\t\t<p>Das vorweihnachtliche Treffen, zu dem wir in die Botschaft der Republik Polen eingeladen waren, hatte festlichen Charakter. Frau Lilianna Niesielska war mit der Leitung dieses Abends betraut, und die sch\u00f6nsten Weihnachtslieder, nicht nur polnische, wurden vom polnischen Chor \u201eGaudete\u201c aufgef\u00fchrt. &gt;&gt;&gt;&gt;&gt; Fotos: Beata Berkowska\r\n<\/p>\n\t\t\t\t\t\t\t\t\t\t\t\t\t<p class=\"ngg-album-gallery-image-counter\">\n\t\t\t\t\t\t\t\t<strong>35<\/strong>&nbsp;Fotos<\/p>\n\t\t\t\t\t\t\t\t\t\t\t<\/div>\n\t\t\t\t<\/div>\n\t\t\t<\/div>\n\t\t\t\t\t<div class=\"ngg-album\">\n\t\t\t\t<div class=\"ngg-albumcontent\">\n\t\t\t\t\t\t\t\t\t\t\t<div class=\"ngg-thumbnail\">\n\t\t\t\t\t\t\t<a class='gallery_link' href='https:\/\/poloniaoberoesterreich.com\/de\/fotogallerie\/2012-fotogalerie\/nggallery\/album-12\/jaselka-16-12-2012'>\n\t\t\t\t\t\t\t\t<img class=\"Thumb\"\n\t\t\t\t\t\t\t\t\talt=\"&quot;Jase\u0142ka&quot; - 16. Dezember 2012\"\n\t\t\t\t\t\t\t\t\tsrc=\"https:\/\/poloniaoberoesterreich.com\/wp-content\/gallery\/jaselka_2012\/cache\/DSC_0030.JPG-nggid0515508-ngg0dyn-240x160x100-00f0w010c011r110f110r010t010.JPG\"\/>\n\t\t\t\t\t\t\t<\/a>\n\t\t\t\t\t\t<\/div>\n\t\t\t\t\t\t\t\t\t\t<div class=\"ngg-albumtitle\">\n\t\t\t\t\t\t<a class='gallery_link' href='https:\/\/poloniaoberoesterreich.com\/de\/fotogallerie\/2012-fotogalerie\/nggallery\/album-12\/jaselka-16-12-2012'>&quot;Jase\u0142ka&quot; - 16. Dezember 2012<\/a>\n\t\t\t\t\t<\/div>\n\t\t\t\t\t<div class=\"ngg-description\">\n\t\t\t\t\t\t<p>Beim Heiligabendtreffen sahen wir uns die Weihnachtskrippenspiele unter der Regie von Zofia Petryk, MA an. Dieses ber\u00fchrende Spektakel \u00fcber das Wesen und die Bedeutung dieser Familienferien wurde aufgef\u00fchrt von: Kindergruppe &quot;Oberek&quot;, musikalische Gestaltung und Gesang - Jolanta D\u0119bicka MA, Erz\u00e4hler - Ewa Kus-Maslowski und Maria und W\u0142adys\u0142aw Mylak, Iwona und Jaros\u0142aw Paryl. &gt;&gt; &gt;&gt;&gt; Kamera: Edward Zajkowski\r\n<\/p>\n\t\t\t\t\t\t\t\t\t\t\t\t\t<p class=\"ngg-album-gallery-image-counter\">\n\t\t\t\t\t\t\t\t<strong>62<\/strong>&nbsp;Fotos<\/p>\n\t\t\t\t\t\t\t\t\t\t\t<\/div>\n\t\t\t\t<\/div>\n\t\t\t<\/div>\n\t\t\t\t\t<div class=\"ngg-album\">\n\t\t\t\t<div class=\"ngg-albumcontent\">\n\t\t\t\t\t\t\t\t\t\t\t<div class=\"ngg-thumbnail\">\n\t\t\t\t\t\t\t<a class='gallery_link' href='https:\/\/poloniaoberoesterreich.com\/de\/fotogallerie\/2012-fotogalerie\/nggallery\/album-12\/bal-integracyjny-8-12-2012'>\n\t\t\t\t\t\t\t\t<img class=\"Thumb\"\n\t\t\t\t\t\t\t\t\talt=\"Integrationsball - 8. Dezember 2012\"\n\t\t\t\t\t\t\t\t\tsrc=\"https:\/\/poloniaoberoesterreich.com\/wp-content\/gallery\/bal_integracyjny_2012\/cache\/DSC04135.JPG-nggid0515475-ngg0dyn-240x160x100-00f0w010c011r110f110r010t010.JPG\"\/>\n\t\t\t\t\t\t\t<\/a>\n\t\t\t\t\t\t<\/div>\n\t\t\t\t\t\t\t\t\t\t<div class=\"ngg-albumtitle\">\n\t\t\t\t\t\t<a class='gallery_link' href='https:\/\/poloniaoberoesterreich.com\/de\/fotogallerie\/2012-fotogalerie\/nggallery\/album-12\/bal-integracyjny-8-12-2012'>Integrationsball - 8. Dezember 2012<\/a>\n\t\t\t\t\t<\/div>\n\t\t\t\t\t<div class=\"ngg-description\">\n\t\t\t\t\t\t<p>Am 8. Dezember veranstaltete die Volkshilfe im Design Center Linz den siebten Integrationsball mit dem Titel \u201eNacht der Vielfalt\u201c, moderiert von Conchita Wurst. Zusammen mit anderen Mitgliedern des Vielfaltspakts wurden wir eingeladen, daran teilzunehmen, an dem rund zweitausend G\u00e4ste teilnahmen. &gt;&gt;&gt;&gt;&gt; Fotos: Julian Gaborek\r\n<\/p>\n\t\t\t\t\t\t\t\t\t\t\t\t\t<p class=\"ngg-album-gallery-image-counter\">\n\t\t\t\t\t\t\t\t<strong>27<\/strong>&nbsp;Fotos<\/p>\n\t\t\t\t\t\t\t\t\t\t\t<\/div>\n\t\t\t\t<\/div>\n\t\t\t<\/div>\n\t\t\t\t\t<div class=\"ngg-album\">\n\t\t\t\t<div class=\"ngg-albumcontent\">\n\t\t\t\t\t\t\t\t\t\t\t<div class=\"ngg-thumbnail\">\n\t\t\t\t\t\t\t<a class='gallery_link' href='https:\/\/poloniaoberoesterreich.com\/de\/fotogallerie\/2012-fotogalerie\/nggallery\/album-12\/mikolajki-8-12-2012'>\n\t\t\t\t\t\t\t\t<img class=\"Thumb\"\n\t\t\t\t\t\t\t\t\talt=\"Nikolaiken - 8. Dezember 2012\"\n\t\t\t\t\t\t\t\t\tsrc=\"https:\/\/poloniaoberoesterreich.com\/wp-content\/gallery\/mikolajki_2012\/cache\/DSC_0086.JPG-nggid0515389-ngg0dyn-240x160x100-00f0w010c011r110f110r010t010.JPG\"\/>\n\t\t\t\t\t\t\t<\/a>\n\t\t\t\t\t\t<\/div>\n\t\t\t\t\t\t\t\t\t\t<div class=\"ngg-albumtitle\">\n\t\t\t\t\t\t<a class='gallery_link' href='https:\/\/poloniaoberoesterreich.com\/de\/fotogallerie\/2012-fotogalerie\/nggallery\/album-12\/mikolajki-8-12-2012'>Nikolaiken - 8. Dezember 2012<\/a>\n\t\t\t\t\t<\/div>\n\t\t\t\t\t<div class=\"ngg-description\">\n\t\t\t\t\t\t<p>Der Weihnachtsmann wei\u00df, dass nicht nur die Kinder auf sein Kommen warten, sondern auch die Eltern, also erschien er in der Stube in der Franckstra\u00dfe und brachte Geschenke f\u00fcr unsere Kleinen. Es war ein gro\u00dfer Spa\u00df f\u00fcr die Kinder, zusammen zu spielen und ein Erinnerungsfoto mit Miko\u0142aj zu machen. &gt;&gt;&gt;&gt;&gt; Fotos: Jaros\u0142aw Paryl\r\n<\/p>\n\t\t\t\t\t\t\t\t\t\t\t\t\t<p class=\"ngg-album-gallery-image-counter\">\n\t\t\t\t\t\t\t\t<strong>111<\/strong>&nbsp;Fotos<\/p>\n\t\t\t\t\t\t\t\t\t\t\t<\/div>\n\t\t\t\t<\/div>\n\t\t\t<\/div>\n\t\t\t\t\t<div class=\"ngg-album\">\n\t\t\t\t<div class=\"ngg-albumcontent\">\n\t\t\t\t\t\t\t\t\t\t\t<div class=\"ngg-thumbnail\">\n\t\t\t\t\t\t\t<a class='gallery_link' href='https:\/\/poloniaoberoesterreich.com\/de\/fotogallerie\/2012-fotogalerie\/nggallery\/album-12\/spotkanie-vielfalt-4-12-2012'>\n\t\t\t\t\t\t\t\t<img class=\"Thumb\"\n\t\t\t\t\t\t\t\t\talt=\"Vielfalt-Treffen - 4.12.2012\"\n\t\t\t\t\t\t\t\t\tsrc=\"https:\/\/poloniaoberoesterreich.com\/wp-content\/gallery\/spotkanie_vielfalt_2012\/cache\/Pakttreffen_0037.jpg-nggid0515346-ngg0dyn-240x160x100-00f0w010c011r110f110r010t010.jpg\"\/>\n\t\t\t\t\t\t\t<\/a>\n\t\t\t\t\t\t<\/div>\n\t\t\t\t\t\t\t\t\t\t<div class=\"ngg-albumtitle\">\n\t\t\t\t\t\t<a class='gallery_link' href='https:\/\/poloniaoberoesterreich.com\/de\/fotogallerie\/2012-fotogalerie\/nggallery\/album-12\/spotkanie-vielfalt-4-12-2012'>Vielfalt-Treffen - 4.12.2012<\/a>\n\t\t\t\t\t<\/div>\n\t\t\t\t\t<div class=\"ngg-description\">\n\t\t\t\t\t\t<p>Das n\u00e4chste Treffen der Vielfaltpact-Mitglieder fand im ARS-Elektronica Center unter dem Titel \u201eWerte, Respekt und Toleranz\u201c statt. An diesem Abend wurde auch das Buch \u201eGeschichten\u201c vorgestellt, das die Geschichte von Jugendlichen ausl\u00e4ndischer Herkunft beschreibt. &gt;&gt;&gt;&gt;&gt; Fotos: MAYR Peter Christian \r\n<\/p>\n\t\t\t\t\t\t\t\t\t\t\t\t\t<p class=\"ngg-album-gallery-image-counter\">\n\t\t\t\t\t\t\t\t<strong>15<\/strong>&nbsp;Fotos<\/p>\n\t\t\t\t\t\t\t\t\t\t\t<\/div>\n\t\t\t\t<\/div>\n\t\t\t<\/div>\n\t\t\t\t\t<div class=\"ngg-album\">\n\t\t\t\t<div class=\"ngg-albumcontent\">\n\t\t\t\t\t\t\t\t\t\t\t<div class=\"ngg-thumbnail\">\n\t\t\t\t\t\t\t<a class='gallery_link' href='https:\/\/poloniaoberoesterreich.com\/de\/fotogallerie\/2012-fotogalerie\/nggallery\/album-12\/poncz-z-sebastianem-kurz-w-wiedniu-03-12-2012'>\n\t\t\t\t\t\t\t\t<img class=\"Thumb\"\n\t\t\t\t\t\t\t\t\talt=\"Punsch mit Sebastian Kurz in Wien - 12.03.2012\"\n\t\t\t\t\t\t\t\t\tsrc=\"https:\/\/poloniaoberoesterreich.com\/wp-content\/gallery\/puncz_w_wiedniu_2012\/cache\/DSC04070.JPG-nggid0515331-ngg0dyn-240x160x100-00f0w010c011r110f110r010t010.JPG\"\/>\n\t\t\t\t\t\t\t<\/a>\n\t\t\t\t\t\t<\/div>\n\t\t\t\t\t\t\t\t\t\t<div class=\"ngg-albumtitle\">\n\t\t\t\t\t\t<a class='gallery_link' href='https:\/\/poloniaoberoesterreich.com\/de\/fotogallerie\/2012-fotogalerie\/nggallery\/album-12\/poncz-z-sebastianem-kurz-w-wiedniu-03-12-2012'>Punsch mit Sebastian Kurz in Wien - 12.03.2012<\/a>\n\t\t\t\t\t<\/div>\n\t\t\t\t\t<div class=\"ngg-description\">\n\t\t\t\t\t\t<p>Auf Einladung des Staatssekret\u00e4rs f\u00fcr Integration, Sebastian Kurz, nahmen wir am Punsch-Maroni-Treffen teil, um allen Menschen zu danken, die ihn bei der Erf\u00fcllung dieser wichtigen Aufgabe unterst\u00fctzt haben. Unter den G\u00e4sten konnte man unter anderem mit Prominenten sprechen: Vizekanzler Michael Spindelegger, Ministerin Johanna Miki-Leitner und Fu\u00dfballstar Ivica Vastic &gt;&gt;&gt;&gt;&gt; Fotos: Julian Gaborek\r\n<\/p>\n\t\t\t\t\t\t\t\t\t\t\t\t\t<p class=\"ngg-album-gallery-image-counter\">\n\t\t\t\t\t\t\t\t<strong>17<\/strong>&nbsp;Fotos<\/p>\n\t\t\t\t\t\t\t\t\t\t\t<\/div>\n\t\t\t\t<\/div>\n\t\t\t<\/div>\n\t\t\t\t\t<div class=\"ngg-album\">\n\t\t\t\t<div class=\"ngg-albumcontent\">\n\t\t\t\t\t\t\t\t\t\t\t<div class=\"ngg-thumbnail\">\n\t\t\t\t\t\t\t<a class='gallery_link' href='https:\/\/poloniaoberoesterreich.com\/de\/fotogallerie\/2012-fotogalerie\/nggallery\/album-12\/spotkanie-integracyjne-27-11-2012'>\n\t\t\t\t\t\t\t\t<img class=\"Thumb\"\n\t\t\t\t\t\t\t\t\talt=\"Integrationstreffen - 27.11.2012\"\n\t\t\t\t\t\t\t\t\tsrc=\"https:\/\/poloniaoberoesterreich.com\/wp-content\/gallery\/spotkanie_integracyjne_2012\/cache\/img_0051-2.JPG-nggid0515294-ngg0dyn-240x160x100-00f0w010c011r110f110r010t010.JPG\"\/>\n\t\t\t\t\t\t\t<\/a>\n\t\t\t\t\t\t<\/div>\n\t\t\t\t\t\t\t\t\t\t<div class=\"ngg-albumtitle\">\n\t\t\t\t\t\t<a class='gallery_link' href='https:\/\/poloniaoberoesterreich.com\/de\/fotogallerie\/2012-fotogalerie\/nggallery\/album-12\/spotkanie-integracyjne-27-11-2012'>Integrationstreffen - 27.11.2012<\/a>\n\t\t\t\t\t<\/div>\n\t\t\t\t\t<div class=\"ngg-description\">\n\t\t\t\t\t\t<p>Die Veranstaltungsreihe \u201eIntegrationsgeschichten\u201c erfreute sich gro\u00dfer Beliebtheit in der Linzer Gesellschaft und befasste sich mit Gesundheit. Teilnehmer waren: Dr. Selma Aydin-Yilmaz aus der T\u00fcrkei, Dr. Jasim Kicin aus Bosnien und Herzegowina, und f\u00fcr die polnische Community besonders interessant war Dr &gt; Fotos: Miros\u0142aw Dworczak\r\n<\/p>\n\t\t\t\t\t\t\t\t\t\t\t\t\t<p class=\"ngg-album-gallery-image-counter\">\n\t\t\t\t\t\t\t\t<strong>30<\/strong>&nbsp;Fotos<\/p>\n\t\t\t\t\t\t\t\t\t\t\t<\/div>\n\t\t\t\t<\/div>\n\t\t\t<\/div>\n\t\t\t\t\t<div class=\"ngg-album\">\n\t\t\t\t<div class=\"ngg-albumcontent\">\n\t\t\t\t\t\t\t\t\t\t\t<div class=\"ngg-thumbnail\">\n\t\t\t\t\t\t\t<a class='gallery_link' href='https:\/\/poloniaoberoesterreich.com\/de\/fotogallerie\/2012-fotogalerie\/nggallery\/album-12\/v-bal-andrzejkowy-polonii-w-gornej-austrii-24-11-2012'>\n\t\t\t\t\t\t\t\t<img class=\"Thumb\"\n\t\t\t\t\t\t\t\t\talt=\"5. Andreasball der polnischen Diaspora in Ober\u00f6sterreich - 24. November 2012\"\n\t\t\t\t\t\t\t\t\tsrc=\"https:\/\/poloniaoberoesterreich.com\/wp-content\/gallery\/bal_andrzejkowy_2012\/cache\/IMG_9923.JPG-nggid0515226-ngg0dyn-240x160x100-00f0w010c011r110f110r010t010.JPG\"\/>\n\t\t\t\t\t\t\t<\/a>\n\t\t\t\t\t\t<\/div>\n\t\t\t\t\t\t\t\t\t\t<div class=\"ngg-albumtitle\">\n\t\t\t\t\t\t<a class='gallery_link' href='https:\/\/poloniaoberoesterreich.com\/de\/fotogallerie\/2012-fotogalerie\/nggallery\/album-12\/v-bal-andrzejkowy-polonii-w-gornej-austrii-24-11-2012'>5. Andreasball der polnischen Diaspora in Ober\u00f6sterreich - 24. November 2012<\/a>\n\t\t\t\t\t<\/div>\n\t\t\t\t\t<div class=\"ngg-description\">\n\t\t\t\t\t\t<p>Ein kleines 5-j\u00e4hriges Jubil\u00e4um des St. Andrew&#039;s Ball, aber mit gro\u00dfem Erfolg. Es war sch\u00f6n, die ganze Gruppe am\u00fcsierter G\u00e4ste zu sehen, die aus verschiedenen Teilen Ober\u00f6sterreichs angereist waren. Traditionell w\u00e4hlten die Ballteilnehmer die \u201eK\u00f6nigin\u201c Monika Szewczyk aus Kirchdorf &gt;&gt;&gt;&gt;&gt; Fotos: Miros\u0142aw Dworczak, Pawe\u0142 Friedel\r\n<\/p>\n\t\t\t\t\t\t\t\t\t\t\t\t\t<p class=\"ngg-album-gallery-image-counter\">\n\t\t\t\t\t\t\t\t<strong>131<\/strong>&nbsp;Fotos<\/p>\n\t\t\t\t\t\t\t\t\t\t\t<\/div>\n\t\t\t\t<\/div>\n\t\t\t<\/div>\n\t\t\t\t\t<div class=\"ngg-album\">\n\t\t\t\t<div class=\"ngg-albumcontent\">\n\t\t\t\t\t\t\t\t\t\t\t<div class=\"ngg-thumbnail\">\n\t\t\t\t\t\t\t<a class='gallery_link' href='https:\/\/poloniaoberoesterreich.com\/de\/fotogallerie\/2012-fotogalerie\/nggallery\/album-12\/viii-zjazd-europejskiej-unii-wspolnot-polonijnych-16-18-11-2012'>\n\t\t\t\t\t\t\t\t<img class=\"Thumb\"\n\t\t\t\t\t\t\t\t\talt=\"VIII. Kongress der Europ\u00e4ischen Union der Polnischen Gemeinschaften - 16.-18. November 2012\"\n\t\t\t\t\t\t\t\t\tsrc=\"https:\/\/poloniaoberoesterreich.com\/wp-content\/gallery\/zjazd_europejskiej_polonii_2012\/cache\/DSC03966.JPG-nggid0515105-ngg0dyn-240x160x100-00f0w010c011r110f110r010t010.JPG\"\/>\n\t\t\t\t\t\t\t<\/a>\n\t\t\t\t\t\t<\/div>\n\t\t\t\t\t\t\t\t\t\t<div class=\"ngg-albumtitle\">\n\t\t\t\t\t\t<a class='gallery_link' href='https:\/\/poloniaoberoesterreich.com\/de\/fotogallerie\/2012-fotogalerie\/nggallery\/album-12\/viii-zjazd-europejskiej-unii-wspolnot-polonijnych-16-18-11-2012'>VIII. Kongress der Europ\u00e4ischen Union der Polnischen Gemeinschaften - 16.-18. November 2012<\/a>\n\t\t\t\t\t<\/div>\n\t\t\t\t\t<div class=\"ngg-description\">\n\t\t\t\t\t\t<p>58 Delegierte aus 27 europ\u00e4ischen L\u00e4ndern nahmen am 8. Kongress der Europ\u00e4ischen Union der Polnischen Gemeinschaften teil, der vom 16. bis 18. November in Pu\u0142tusk stattfand. \u00d6sterreich war vertreten durch: Teresa Kope\u0107, Pr\u00e4sidentin der Gemeinschaft Polnischer Organisationen in \u00d6sterreich (gew\u00e4hlte Sekret\u00e4rin f\u00fcr Westeuropa) und Vizepr\u00e4sident der WPOwA Julian Gaborek (gew\u00e4hlter Vorsitzender des Sportkomitees). &gt;&gt;&gt;&gt;&gt; Fotos: Julian Gaborek<\/p>\n\t\t\t\t\t\t\t\t\t\t\t\t\t<p class=\"ngg-album-gallery-image-counter\">\n\t\t\t\t\t\t\t\t<strong>23<\/strong>&nbsp;Fotos<\/p>\n\t\t\t\t\t\t\t\t\t\t\t<\/div>\n\t\t\t\t<\/div>\n\t\t\t<\/div>\n\t\t\t\t\t<div class=\"ngg-album\">\n\t\t\t\t<div class=\"ngg-albumcontent\">\n\t\t\t\t\t\t\t\t\t\t\t<div class=\"ngg-thumbnail\">\n\t\t\t\t\t\t\t<a class='gallery_link' href='https:\/\/poloniaoberoesterreich.com\/de\/fotogallerie\/2012-fotogalerie\/nggallery\/album-12\/v-turniej-pilki-siatkowej-o-puchar-gornej-austrii-19-11-2012'>\n\t\t\t\t\t\t\t\t<img class=\"Thumb\"\n\t\t\t\t\t\t\t\t\talt=\"5. Volleyballturnier um den Ober\u00f6sterreich Cup - 19.11.2012\"\n\t\t\t\t\t\t\t\t\tsrc=\"https:\/\/poloniaoberoesterreich.com\/wp-content\/gallery\/turniej_siatki_2012\/cache\/DSC_0079.JPG-nggid0515094-ngg0dyn-240x160x100-00f0w010c011r110f110r010t010.JPG\"\/>\n\t\t\t\t\t\t\t<\/a>\n\t\t\t\t\t\t<\/div>\n\t\t\t\t\t\t\t\t\t\t<div class=\"ngg-albumtitle\">\n\t\t\t\t\t\t<a class='gallery_link' href='https:\/\/poloniaoberoesterreich.com\/de\/fotogallerie\/2012-fotogalerie\/nggallery\/album-12\/v-turniej-pilki-siatkowej-o-puchar-gornej-austrii-19-11-2012'>5. Volleyballturnier um den Ober\u00f6sterreich Cup - 19.11.2012<\/a>\n\t\t\t\t\t<\/div>\n\t\t\t\t\t<div class=\"ngg-description\">\n\t\t\t\t\t\t<p>Beim 5. Jubil\u00e4ums-Volleyballturnier um den Ober\u00f6sterreich Cup siegte das Team Polonia Rohrbach vor Polonia Linz und Adler Linz. Der erbitterte Kampf dauerte 5 Stunden und sorgte f\u00fcr viele Emotionen. &gt;&gt;&gt;&gt;&gt; Fotos: \u0141ukasz Bilski, Andrzej Kalawski<\/p>\n\t\t\t\t\t\t\t\t\t\t\t\t\t<p class=\"ngg-album-gallery-image-counter\">\n\t\t\t\t\t\t\t\t<strong>35<\/strong>&nbsp;Fotos<\/p>\n\t\t\t\t\t\t\t\t\t\t\t<\/div>\n\t\t\t\t<\/div>\n\t\t\t<\/div>\n\t\t\t\t\t<div class=\"ngg-album\">\n\t\t\t\t<div class=\"ngg-albumcontent\">\n\t\t\t\t\t\t\t\t\t\t\t<div class=\"ngg-thumbnail\">\n\t\t\t\t\t\t\t<a class='gallery_link' href='https:\/\/poloniaoberoesterreich.com\/de\/fotogallerie\/2012-fotogalerie\/nggallery\/album-12\/koncert-patriotyczny-wystep-zespolu-takt-10-11-2012'>\n\t\t\t\t\t\t\t\t<img class=\"Thumb\"\n\t\t\t\t\t\t\t\t\talt=\"Patriotisches Konzert Auftritt der Band &quot;Takt&quot; - 10. November 2012\"\n\t\t\t\t\t\t\t\t\tsrc=\"https:\/\/poloniaoberoesterreich.com\/wp-content\/gallery\/koncert_patriotyczny_2012\/cache\/DSC_0342.JPG-nggid0514988-ngg0dyn-240x160x100-00f0w010c011r110f110r010t010.JPG\"\/>\n\t\t\t\t\t\t\t<\/a>\n\t\t\t\t\t\t<\/div>\n\t\t\t\t\t\t\t\t\t\t<div class=\"ngg-albumtitle\">\n\t\t\t\t\t\t<a class='gallery_link' href='https:\/\/poloniaoberoesterreich.com\/de\/fotogallerie\/2012-fotogalerie\/nggallery\/album-12\/koncert-patriotyczny-wystep-zespolu-takt-10-11-2012'>Patriotisches Konzert Auftritt der Band &quot;Takt&quot; - 10. November 2012<\/a>\n\t\t\t\t\t<\/div>\n\t\t\t\t\t<div class=\"ngg-description\">\n\t\t\t\t\t\t<p>Der Auftritt der Band \u201eTakt\u201c aus Perz\u00f3w war eine Geschichtsstunde \u00fcber die wichtigeren Ereignisse von \u00fcber 90 Jahren unabh\u00e4ngigem Polen, durchsetzt mit Liedern ber\u00fchmter K\u00fcnstler. Ehreng\u00e4ste dieses Konzerts waren der Generalkonsul der Polnischen Botschaft in Wien, Tadeusz Oliwi\u0144ski mit seiner Frau, und der Landtagsmarschall von Ober\u00f6sterreich, Friedrich Bernhofer. &gt;&gt;&gt;&gt;&gt; Fotos: Ewa Kus-Maslowski\r\n<\/p>\n\t\t\t\t\t\t\t\t\t\t\t\t\t<p class=\"ngg-album-gallery-image-counter\">\n\t\t\t\t\t\t\t\t<strong>86<\/strong>&nbsp;Fotos<\/p>\n\t\t\t\t\t\t\t\t\t\t\t<\/div>\n\t\t\t\t<\/div>\n\t\t\t<\/div>\n\t\t\t\t\t<div class=\"ngg-album\">\n\t\t\t\t<div class=\"ngg-albumcontent\">\n\t\t\t\t\t\t\t\t\t\t\t<div class=\"ngg-thumbnail\">\n\t\t\t\t\t\t\t<a class='gallery_link' href='https:\/\/poloniaoberoesterreich.com\/de\/fotogallerie\/2012-fotogalerie\/nggallery\/album-12\/xxi-dni-kultury-polskiej-w-austrii-20-10-2012'>\n\t\t\t\t\t\t\t\t<img class=\"Thumb\"\n\t\t\t\t\t\t\t\t\talt=\"21. Polnische Kulturtage in \u00d6sterreich - 20.10.2012\"\n\t\t\t\t\t\t\t\t\tsrc=\"https:\/\/poloniaoberoesterreich.com\/wp-content\/gallery\/dni_kultury_polskiej_2012\/cache\/12.JPG-nggid0514956-ngg0dyn-240x160x100-00f0w010c011r110f110r010t010.JPG\"\/>\n\t\t\t\t\t\t\t<\/a>\n\t\t\t\t\t\t<\/div>\n\t\t\t\t\t\t\t\t\t\t<div class=\"ngg-albumtitle\">\n\t\t\t\t\t\t<a class='gallery_link' href='https:\/\/poloniaoberoesterreich.com\/de\/fotogallerie\/2012-fotogalerie\/nggallery\/album-12\/xxi-dni-kultury-polskiej-w-austrii-20-10-2012'>21. Polnische Kulturtage in \u00d6sterreich - 20.10.2012<\/a>\n\t\t\t\t\t<\/div>\n\t\t\t\t\t<div class=\"ngg-description\">\n\t\t\t\t\t\t<p>Sechs Wochen dauerten die &quot;Polnischen Kulturtage&quot; in \u00d6sterreich. Sie waren sehr beliebt und ihr reichhaltiges Programm umfasste Konzerte, Vernissagen, Performances und Theaterauff\u00fchrungen. Aus Polen kamen am Ende des Treffens Dr. Artur G\u00f3rski, Mitglied des polnischen Parlaments, Dr. Jerzy Marga\u0144ski, Mitglied des Komitees f\u00fcr die Verbindung zu Polen im Ausland, und Dr. Jerzy Marga\u0144ski, PR-Botschafter in Wien. &gt;&gt;&gt;&gt;&gt; Fotos: Julian Gaborek, W\u0142adys\u0142aw Wichrowski\r\n<\/p>\n\t\t\t\t\t\t\t\t\t\t\t\t\t<p class=\"ngg-album-gallery-image-counter\">\n\t\t\t\t\t\t\t\t<strong>42<\/strong>&nbsp;Fotos<\/p>\n\t\t\t\t\t\t\t\t\t\t\t<\/div>\n\t\t\t\t<\/div>\n\t\t\t<\/div>\n\t\t\t\t\t<div class=\"ngg-album\">\n\t\t\t\t<div class=\"ngg-albumcontent\">\n\t\t\t\t\t\t\t\t\t\t\t<div class=\"ngg-thumbnail\">\n\t\t\t\t\t\t\t<a class='gallery_link' href='https:\/\/poloniaoberoesterreich.com\/de\/fotogallerie\/2012-fotogalerie\/nggallery\/album-12\/nadzwyczajny-zjazd-forum-polonii-21-10-2012'>\n\t\t\t\t\t\t\t\t<img class=\"Thumb\"\n\t\t\t\t\t\t\t\t\talt=\"Au\u00dferordentlicher Kongress des Forums der polnischen Diaspora - 21.10.2012\"\n\t\t\t\t\t\t\t\t\tsrc=\"https:\/\/poloniaoberoesterreich.com\/wp-content\/gallery\/zjazd_forum_2012\/cache\/DSC03821.JPG-nggid0514922-ngg0dyn-240x160x100-00f0w010c011r110f110r010t010.JPG\"\/>\n\t\t\t\t\t\t\t<\/a>\n\t\t\t\t\t\t<\/div>\n\t\t\t\t\t\t\t\t\t\t<div class=\"ngg-albumtitle\">\n\t\t\t\t\t\t<a class='gallery_link' href='https:\/\/poloniaoberoesterreich.com\/de\/fotogallerie\/2012-fotogalerie\/nggallery\/album-12\/nadzwyczajny-zjazd-forum-polonii-21-10-2012'>Au\u00dferordentlicher Kongress des Forums der polnischen Diaspora - 21.10.2012<\/a>\n\t\t\t\t\t<\/div>\n\t\t\t\t\t<div class=\"ngg-description\">\n\t\t\t\t\t\t<p>Am Sonntag trafen sich auf der au\u00dferordentlichen Generalversammlung Vertreter der im Forum der polnischen Diaspora zusammengeschlossenen polnischen Organisationen, um Neuwahlen vorzunehmen. Als Ergebnis wurden der Pr\u00e4sident der WPwGA, Julian Gaborek, der Pr\u00fcfungsausschuss Sylwia Kowalik und die Peers&#039; Court Anna Kwolek in den Vorstand gew\u00e4hlt. &gt;&gt;&gt;&gt;&gt; Fotos: Julian Gaborek\r\n<\/p>\n\t\t\t\t\t\t\t\t\t\t\t\t\t<p class=\"ngg-album-gallery-image-counter\">\n\t\t\t\t\t\t\t\t<strong>13<\/strong>&nbsp;Fotos<\/p>\n\t\t\t\t\t\t\t\t\t\t\t<\/div>\n\t\t\t\t<\/div>\n\t\t\t<\/div>\n\t\t\t\t\t<div class=\"ngg-album\">\n\t\t\t\t<div class=\"ngg-albumcontent\">\n\t\t\t\t\t\t\t\t\t\t\t<div class=\"ngg-thumbnail\">\n\t\t\t\t\t\t\t<a class='gallery_link' href='https:\/\/poloniaoberoesterreich.com\/de\/fotogallerie\/2012-fotogalerie\/nggallery\/album-12\/gra-w-kregle-20-10-2012'>\n\t\t\t\t\t\t\t\t<img class=\"Thumb\"\n\t\t\t\t\t\t\t\t\talt=\"Kegeln - 20.10.2012\"\n\t\t\t\t\t\t\t\t\tsrc=\"https:\/\/poloniaoberoesterreich.com\/wp-content\/gallery\/kregle_2012_1\/cache\/DSCN9574.JPG-nggid0514907-ngg0dyn-240x160x100-00f0w010c011r110f110r010t010.JPG\"\/>\n\t\t\t\t\t\t\t<\/a>\n\t\t\t\t\t\t<\/div>\n\t\t\t\t\t\t\t\t\t\t<div class=\"ngg-albumtitle\">\n\t\t\t\t\t\t<a class='gallery_link' href='https:\/\/poloniaoberoesterreich.com\/de\/fotogallerie\/2012-fotogalerie\/nggallery\/album-12\/gra-w-kregle-20-10-2012'>Kegeln - 20.10.2012<\/a>\n\t\t\t\t\t<\/div>\n\t\t\t\t\t<div class=\"ngg-description\">\n\t\t\t\t\t\t<p>Bowling ist auch ein Gesellschaftsspiel, dieses Mal war es so viel interessanter, dass neue Teilnehmer hinzukamen. Der Charme der bunten B\u00e4lle zog am vergangenen Samstag neben den Stammg\u00e4sten auch viele neue Gesichter an. &gt;&gt;&gt;&gt;&gt; Fotos: Sabina Kubiak\r\n<\/p>\n\t\t\t\t\t\t\t\t\t\t\t\t\t<p class=\"ngg-album-gallery-image-counter\">\n\t\t\t\t\t\t\t\t<strong>24<\/strong>&nbsp;Fotos<\/p>\n\t\t\t\t\t\t\t\t\t\t\t<\/div>\n\t\t\t\t<\/div>\n\t\t\t<\/div>\n\t\t\t\t\t<div class=\"ngg-album\">\n\t\t\t\t<div class=\"ngg-albumcontent\">\n\t\t\t\t\t\t\t\t\t\t\t<div class=\"ngg-thumbnail\">\n\t\t\t\t\t\t\t<a class='gallery_link' href='https:\/\/poloniaoberoesterreich.com\/de\/fotogallerie\/2012-fotogalerie\/nggallery\/album-12\/integration-nagrody-17-10-2012'>\n\t\t\t\t\t\t\t\t<img class=\"Thumb\"\n\t\t\t\t\t\t\t\t\talt=\"Integration - Auszeichnungen - 17.10.2012\"\n\t\t\t\t\t\t\t\t\tsrc=\"https:\/\/poloniaoberoesterreich.com\/wp-content\/gallery\/integracja_nagrody_2012\/cache\/DSC03692.JPG-nggid0514880-ngg0dyn-240x160x100-00f0w010c011r110f110r010t010.JPG\"\/>\n\t\t\t\t\t\t\t<\/a>\n\t\t\t\t\t\t<\/div>\n\t\t\t\t\t\t\t\t\t\t<div class=\"ngg-albumtitle\">\n\t\t\t\t\t\t<a class='gallery_link' href='https:\/\/poloniaoberoesterreich.com\/de\/fotogallerie\/2012-fotogalerie\/nggallery\/album-12\/integration-nagrody-17-10-2012'>Integration - Auszeichnungen - 17.10.2012<\/a>\n\t\t\t\t\t<\/div>\n\t\t\t\t\t<div class=\"ngg-description\">\n\t\t\t\t\t\t<p>Im Museum der Stadt Linz \u201eNordico\u201c wurden am Mittwochabend erstmals Preise des B\u00fcros f\u00fcr Integration f\u00fcr Projekte verliehen, die ein besseres \u201eZusammenleben\u201c in einer multinationalen Gesellschaft erm\u00f6glichen. Von 59 Projekten wurden 14 in verschiedenen Bereichen ausgezeichnet. &gt;&gt;&gt;&gt;&gt; Fotos: Julian Gaborek\r\n<\/p>\n\t\t\t\t\t\t\t\t\t\t\t\t\t<p class=\"ngg-album-gallery-image-counter\">\n\t\t\t\t\t\t\t\t<strong>18<\/strong>&nbsp;Fotos<\/p>\n\t\t\t\t\t\t\t\t\t\t\t<\/div>\n\t\t\t\t<\/div>\n\t\t\t<\/div>\n\t\t\t\t\t<div class=\"ngg-album\">\n\t\t\t\t<div class=\"ngg-albumcontent\">\n\t\t\t\t\t\t\t\t\t\t\t<div class=\"ngg-thumbnail\">\n\t\t\t\t\t\t\t<a class='gallery_link' href='https:\/\/poloniaoberoesterreich.com\/de\/fotogallerie\/2012-fotogalerie\/nggallery\/album-12\/spotkanie-z-sekretarzem-stanu-do-spraw-integracji-sebastianem-kurz-12-10-2012'>\n\t\t\t\t\t\t\t\t<img class=\"Thumb\"\n\t\t\t\t\t\t\t\t\talt=\"Treffen mit Integrationsstaatssekret\u00e4r Sebastian Kurz - 12.10.2012\"\n\t\t\t\t\t\t\t\t\tsrc=\"https:\/\/poloniaoberoesterreich.com\/wp-content\/gallery\/spotkanie_z_sekretarzem_stanu_2012\/cache\/DSC03575.JPG-nggid0514866-ngg0dyn-240x160x100-00f0w010c011r110f110r010t010.JPG\"\/>\n\t\t\t\t\t\t\t<\/a>\n\t\t\t\t\t\t<\/div>\n\t\t\t\t\t\t\t\t\t\t<div class=\"ngg-albumtitle\">\n\t\t\t\t\t\t<a class='gallery_link' href='https:\/\/poloniaoberoesterreich.com\/de\/fotogallerie\/2012-fotogalerie\/nggallery\/album-12\/spotkanie-z-sekretarzem-stanu-do-spraw-integracji-sebastianem-kurz-12-10-2012'>Treffen mit Integrationsstaatssekret\u00e4r Sebastian Kurz - 12.10.2012<\/a>\n\t\t\t\t\t<\/div>\n\t\t\t\t\t<div class=\"ngg-description\">\n\t\t\t\t\t\t<p>\u201eArbeit als wichtiger Integrationsfaktor\u201c war das Thema eines von der WKO organisierten Vortrags von Sebastian Kurz, Staatssekret\u00e4r f\u00fcr Integration. Mit Humor pr\u00e4sentierte der Jungpolitiker seinen beruflichen Start auf Landesebene. &gt;&gt;&gt;&gt;&gt; Fotos: Julian Gaborek\r\n<\/p>\n\t\t\t\t\t\t\t\t\t\t\t\t\t<p class=\"ngg-album-gallery-image-counter\">\n\t\t\t\t\t\t\t\t<strong>20<\/strong>&nbsp;Fotos<\/p>\n\t\t\t\t\t\t\t\t\t\t\t<\/div>\n\t\t\t\t<\/div>\n\t\t\t<\/div>\n\t\t\t\t\t<div class=\"ngg-album\">\n\t\t\t\t<div class=\"ngg-albumcontent\">\n\t\t\t\t\t\t\t\t\t\t\t<div class=\"ngg-thumbnail\">\n\t\t\t\t\t\t\t<a class='gallery_link' href='https:\/\/poloniaoberoesterreich.com\/de\/fotogallerie\/2012-fotogalerie\/nggallery\/album-12\/kabaret-chwilowo-kaloryfer-6-10-2012'>\n\t\t\t\t\t\t\t\t<img class=\"Thumb\"\n\t\t\t\t\t\t\t\t\talt=\"Kabarett &quot;Chwilowo kaloryfer&quot; - 6. Oktober 2012\"\n\t\t\t\t\t\t\t\t\tsrc=\"https:\/\/poloniaoberoesterreich.com\/wp-content\/gallery\/kabaret_2012_kaloryfer\/cache\/DSC03403.JPG-nggid0514815-ngg0dyn-240x160x100-00f0w010c011r110f110r010t010.JPG\"\/>\n\t\t\t\t\t\t\t<\/a>\n\t\t\t\t\t\t<\/div>\n\t\t\t\t\t\t\t\t\t\t<div class=\"ngg-albumtitle\">\n\t\t\t\t\t\t<a class='gallery_link' href='https:\/\/poloniaoberoesterreich.com\/de\/fotogallerie\/2012-fotogalerie\/nggallery\/album-12\/kabaret-chwilowo-kaloryfer-6-10-2012'>Kabarett &quot;Chwilowo kaloryfer&quot; - 6. Oktober 2012<\/a>\n\t\t\t\t\t<\/div>\n\t\t\t\t\t<div class=\"ngg-description\">\n\t\t\t\t\t\t<p>Nach einer anstrengenden Woche gibt es nichts Sch\u00f6neres, als eine gute Zeit zu haben. Die humorvolle Darbietung des Kabaretts \u201eChwilowo radioryfer\u201c aus Rybnik sorgte f\u00fcr viel Gel\u00e4chter und Gelegenheit f\u00fcr ein weiteres gemeinsames Treffen. Kamera: Julian Gaborek\r\n<\/p>\n\t\t\t\t\t\t\t\t\t\t\t\t\t<p class=\"ngg-album-gallery-image-counter\">\n\t\t\t\t\t\t\t\t<strong>45<\/strong>&nbsp;Fotos<\/p>\n\t\t\t\t\t\t\t\t\t\t\t<\/div>\n\t\t\t\t<\/div>\n\t\t\t<\/div>\n\t\t\t\t\t<div class=\"ngg-album\">\n\t\t\t\t<div class=\"ngg-albumcontent\">\n\t\t\t\t\t\t\t\t\t\t\t<div class=\"ngg-thumbnail\">\n\t\t\t\t\t\t\t<a class='gallery_link' href='https:\/\/poloniaoberoesterreich.com\/de\/fotogallerie\/2012-fotogalerie\/nggallery\/album-12\/niedziela-narodow-30-09-2012'>\n\t\t\t\t\t\t\t\t<img class=\"Thumb\"\n\t\t\t\t\t\t\t\t\talt=\"Sonntag der Nationen - 30. September 2012\"\n\t\t\t\t\t\t\t\t\tsrc=\"https:\/\/poloniaoberoesterreich.com\/wp-content\/gallery\/niedziela_narodow_2012\/cache\/DSC03333.JPG-nggid0514770-ngg0dyn-240x160x100-00f0w010c011r110f110r010t010.JPG\"\/>\n\t\t\t\t\t\t\t<\/a>\n\t\t\t\t\t\t<\/div>\n\t\t\t\t\t\t\t\t\t\t<div class=\"ngg-albumtitle\">\n\t\t\t\t\t\t<a class='gallery_link' href='https:\/\/poloniaoberoesterreich.com\/de\/fotogallerie\/2012-fotogalerie\/nggallery\/album-12\/niedziela-narodow-30-09-2012'>Sonntag der Nationen - 30. September 2012<\/a>\n\t\t\t\t\t<\/div>\n\t\t\t\t\t<div class=\"ngg-description\">\n\t\t\t\t\t\t<p>In den warmen Strahlen der Septembersonne fand das Treffen der vielen in Ober\u00f6sterreich lebenden Nationalit\u00e4ten auf dem Domplatz statt. An diesem Tag konnten Sie K\u00f6stlichkeiten aus fast aller Welt probieren: von asiatischer, afrikanischer, t\u00fcrkischer und nat\u00fcrlich unserer einheimischen polnischen K\u00fcche. Neben den Auftritten von Musikgruppen und Auff\u00fchrungen verschiedener nationaler T\u00e4nze, die von Kindern, Jugendlichen und Erwachsenen aufgef\u00fchrt werden, trat auch unsere Kindergruppe &quot;Oberek&quot; auf. &gt;&gt;&gt;&gt;&gt; Fotos: Julian Gaborek, Jaros\u0142aw Paryl\r\n<\/p>\n\t\t\t\t\t\t\t\t\t\t\t\t\t<p class=\"ngg-album-gallery-image-counter\">\n\t\t\t\t\t\t\t\t<strong>70<\/strong>&nbsp;Fotos<\/p>\n\t\t\t\t\t\t\t\t\t\t\t<\/div>\n\t\t\t\t<\/div>\n\t\t\t<\/div>\n\t\t\t\t\t<div class=\"ngg-album\">\n\t\t\t\t<div class=\"ngg-albumcontent\">\n\t\t\t\t\t\t\t\t\t\t\t<div class=\"ngg-thumbnail\">\n\t\t\t\t\t\t\t<a class='gallery_link' href='https:\/\/poloniaoberoesterreich.com\/de\/fotogallerie\/2012-fotogalerie\/nggallery\/album-12\/xx-swiatowe-forum-mediow-polonijnych'>\n\t\t\t\t\t\t\t\t<img class=\"Thumb\"\n\t\t\t\t\t\t\t\t\talt=\"XX Weltforum der polnischen Diaspora\"\n\t\t\t\t\t\t\t\t\tsrc=\"https:\/\/poloniaoberoesterreich.com\/wp-content\/gallery\/mddia_forum_2012\/cache\/DSC03228.JPG-nggid0514723-ngg0dyn-240x160x100-00f0w010c011r110f110r010t010.JPG\"\/>\n\t\t\t\t\t\t\t<\/a>\n\t\t\t\t\t\t<\/div>\n\t\t\t\t\t\t\t\t\t\t<div class=\"ngg-albumtitle\">\n\t\t\t\t\t\t<a class='gallery_link' href='https:\/\/poloniaoberoesterreich.com\/de\/fotogallerie\/2012-fotogalerie\/nggallery\/album-12\/xx-swiatowe-forum-mediow-polonijnych'>XX Weltforum der polnischen Diaspora<\/a>\n\t\t\t\t\t<\/div>\n\t\t\t\t\t<div class=\"ngg-description\">\n\t\t\t\t\t\t<p>Das diesj\u00e4hrige 20. Jubil\u00e4ums-Weltforum der polnischen Medien im Ausland wurde von 129 Teilnehmern aus 24 L\u00e4ndern besucht. Vom 10. bis 15. September haben wir Kleinpolen und Podkarpacie kennengelernt. Der feierliche Abschluss des Weltforums der polnischen Diaspora wurde im Pr\u00e4sidialamt in Warschau vorbereitet. &gt;&gt;&gt;&gt;&gt; Fotos: Olga Rempel\r\n<\/p>\n\t\t\t\t\t\t\t\t\t\t\t\t\t<p class=\"ngg-album-gallery-image-counter\">\n\t\t\t\t\t\t\t\t<strong>37<\/strong>&nbsp;Fotos<\/p>\n\t\t\t\t\t\t\t\t\t\t\t<\/div>\n\t\t\t\t<\/div>\n\t\t\t<\/div>\n\t\t\t\t\t<div class=\"ngg-album\">\n\t\t\t\t<div class=\"ngg-albumcontent\">\n\t\t\t\t\t\t\t\t\t\t\t<div class=\"ngg-thumbnail\">\n\t\t\t\t\t\t\t<a class='gallery_link' href='https:\/\/poloniaoberoesterreich.com\/de\/fotogallerie\/2012-fotogalerie\/nggallery\/album-12\/wedrowka-w-okolicach-stroheim-15-09-2012'>\n\t\t\t\t\t\t\t\t<img class=\"Thumb\"\n\t\t\t\t\t\t\t\t\talt=\"Wandern rund um Stroheim - 15.09.2012\"\n\t\t\t\t\t\t\t\t\tsrc=\"https:\/\/poloniaoberoesterreich.com\/wp-content\/gallery\/wedrowka_2012\/cache\/DSC02552.JPG-nggid0514681-ngg0dyn-240x160x100-00f0w010c011r110f110r010t010.JPG\"\/>\n\t\t\t\t\t\t\t<\/a>\n\t\t\t\t\t\t<\/div>\n\t\t\t\t\t\t\t\t\t\t<div class=\"ngg-albumtitle\">\n\t\t\t\t\t\t<a class='gallery_link' href='https:\/\/poloniaoberoesterreich.com\/de\/fotogallerie\/2012-fotogalerie\/nggallery\/album-12\/wedrowka-w-okolicach-stroheim-15-09-2012'>Wandern rund um Stroheim - 15.09.2012<\/a>\n\t\t\t\t\t<\/div>\n\t\t\t\t\t<div class=\"ngg-description\">\n\t\t\t\t\t\t<p>Diesmal war der Ort unserer Reise das Gebiet der im Einzugsgebiet der Donau gelegenen Stadt Hinzenbach bei Eferding. Wir bestaunten die Sprungschanze und die Ruine der Schaunburg. &gt;&gt;&gt;&gt;&gt; Fotos: Christof Haller <\/p>\n\t\t\t\t\t\t\t\t\t\t\t\t\t<p class=\"ngg-album-gallery-image-counter\">\n\t\t\t\t\t\t\t\t<strong>45<\/strong>&nbsp;Fotos<\/p>\n\t\t\t\t\t\t\t\t\t\t\t<\/div>\n\t\t\t\t<\/div>\n\t\t\t<\/div>\n\t\t\t\t\t<div class=\"ngg-album\">\n\t\t\t\t<div class=\"ngg-albumcontent\">\n\t\t\t\t\t\t\t\t\t\t\t<div class=\"ngg-thumbnail\">\n\t\t\t\t\t\t\t<a class='gallery_link' href='https:\/\/poloniaoberoesterreich.com\/de\/fotogallerie\/2012-fotogalerie\/nggallery\/album-12\/dozynki-na-kahlenbergu-9-12-2012'>\n\t\t\t\t\t\t\t\t<img class=\"Thumb\"\n\t\t\t\t\t\t\t\t\talt=\"Bauernherbst auf dem Kahlenberg - 12.09.2012\"\n\t\t\t\t\t\t\t\t\tsrc=\"https:\/\/poloniaoberoesterreich.com\/wp-content\/gallery\/dozynki_2012\/cache\/DSC03014.JPG-nggid0514602-ngg0dyn-240x160x100-00f0w010c011r110f110r010t010.JPG\"\/>\n\t\t\t\t\t\t\t<\/a>\n\t\t\t\t\t\t<\/div>\n\t\t\t\t\t\t\t\t\t\t<div class=\"ngg-albumtitle\">\n\t\t\t\t\t\t<a class='gallery_link' href='https:\/\/poloniaoberoesterreich.com\/de\/fotogallerie\/2012-fotogalerie\/nggallery\/album-12\/dozynki-na-kahlenbergu-9-12-2012'>Bauernherbst auf dem Kahlenberg - 12.09.2012<\/a>\n\t\t\t\t\t<\/div>\n\t\t\t\t\t<div class=\"ngg-description\">\n\t\t\t\t\t\t<p>Kahlenberg war Schauplatz zweier bedeutender Ereignisse: der Feier des Wiener Hilfswerks und des polnischen Erntefestes. Der Stolz dieser Veranstaltung waren die Auftritte der folgenden Bands: Kindergruppe \u201eOberek\u201c aus Linz, Folkloristische Gruppe \u201ePodhale-Zakopane\u201c aus Wien und die Highlander-Band \u201eZb\u00f3jnicy\u201c aus Szczyrk. &gt;&gt;&gt;&gt;&gt; Fotos: Julian Gaborek\r\n<\/p>\n\t\t\t\t\t\t\t\t\t\t\t\t\t<p class=\"ngg-album-gallery-image-counter\">\n\t\t\t\t\t\t\t\t<strong>56<\/strong>&nbsp;Fotos<\/p>\n\t\t\t\t\t\t\t\t\t\t\t<\/div>\n\t\t\t\t<\/div>\n\t\t\t<\/div>\n\t\t\t\t\t<div class=\"ngg-album\">\n\t\t\t\t<div class=\"ngg-albumcontent\">\n\t\t\t\t\t\t\t\t\t\t\t<div class=\"ngg-thumbnail\">\n\t\t\t\t\t\t\t<a class='gallery_link' href='https:\/\/poloniaoberoesterreich.com\/de\/fotogallerie\/2012-fotogalerie\/nggallery\/album-12\/wycieczka-do-budapesztu-24-26-08-2012'>\n\t\t\t\t\t\t\t\t<img class=\"Thumb\"\n\t\t\t\t\t\t\t\t\talt=\"Eine Reise nach Budapest - 24.-26. August 2012\"\n\t\t\t\t\t\t\t\t\tsrc=\"https:\/\/poloniaoberoesterreich.com\/wp-content\/gallery\/wycieczka_do_budapesztu_2012\/cache\/DSC02674.JPG-nggid0514538-ngg0dyn-240x160x100-00f0w010c011r110f110r010t010.JPG\"\/>\n\t\t\t\t\t\t\t<\/a>\n\t\t\t\t\t\t<\/div>\n\t\t\t\t\t\t\t\t\t\t<div class=\"ngg-albumtitle\">\n\t\t\t\t\t\t<a class='gallery_link' href='https:\/\/poloniaoberoesterreich.com\/de\/fotogallerie\/2012-fotogalerie\/nggallery\/album-12\/wycieczka-do-budapesztu-24-26-08-2012'>Eine Reise nach Budapest - 24.-26. August 2012<\/a>\n\t\t\t\t\t<\/div>\n\t\t\t\t\t<div class=\"ngg-description\">\n\t\t\t\t\t\t<p>Budapest hat uns sehr herzlich empfangen und bot eine ganze Reihe seiner sch\u00f6nsten Denkm\u00e4ler und die Atmosph\u00e4re ungarischer Restaurants. Die Bootsfahrt bei Nacht war eine zus\u00e4tzliche Touristenattraktion. &gt;&gt;&gt;&gt;&gt; Fotos: Julian Gaborek\r\n<\/p>\n\t\t\t\t\t\t\t\t\t\t\t\t\t<p class=\"ngg-album-gallery-image-counter\">\n\t\t\t\t\t\t\t\t<strong>116<\/strong>&nbsp;Fotos<\/p>\n\t\t\t\t\t\t\t\t\t\t\t<\/div>\n\t\t\t\t<\/div>\n\t\t\t<\/div>\n\t\t\t\t\t<div class=\"ngg-album\">\n\t\t\t\t<div class=\"ngg-albumcontent\">\n\t\t\t\t\t\t\t\t\t\t\t<div class=\"ngg-thumbnail\">\n\t\t\t\t\t\t\t<a class='gallery_link' href='https:\/\/poloniaoberoesterreich.com\/de\/fotogallerie\/2012-fotogalerie\/nggallery\/album-12\/iv-turniej-tenisa-ziemnego-o-puchar-gornej-austrii-14-07-2012'>\n\t\t\t\t\t\t\t\t<img class=\"Thumb\"\n\t\t\t\t\t\t\t\t\talt=\"4. Tennisturnier um den Ober\u00f6sterreich Cup - 14.07.2012 \"\n\t\t\t\t\t\t\t\t\tsrc=\"https:\/\/poloniaoberoesterreich.com\/wp-content\/gallery\/tenis_ziemny_2012\/cache\/DSC_3106.JPG-nggid0514408-ngg0dyn-240x160x100-00f0w010c011r110f110r010t010.JPG\"\/>\n\t\t\t\t\t\t\t<\/a>\n\t\t\t\t\t\t<\/div>\n\t\t\t\t\t\t\t\t\t\t<div class=\"ngg-albumtitle\">\n\t\t\t\t\t\t<a class='gallery_link' href='https:\/\/poloniaoberoesterreich.com\/de\/fotogallerie\/2012-fotogalerie\/nggallery\/album-12\/iv-turniej-tenisa-ziemnego-o-puchar-gornej-austrii-14-07-2012'>4. Tennisturnier um den Ober\u00f6sterreich Cup - 14.07.2012 <\/a>\n\t\t\t\t\t<\/div>\n\t\t\t\t\t<div class=\"ngg-description\">\n\t\t\t\t\t\t<p>Das spielerische Niveau der Tennisspieler beim 4. Tennisturnier um den O\u00d6 Cup sorgte sowohl bei den Zuschauern als auch bei den Athleten selbst f\u00fcr viele Emotionen. W\u0142odek Siudek aus Nieder\u00f6sterreich war der Beste, Julian Gaborek gewann Silber und Andrzej Duli\u0144ski belegte den dritten Platz. &gt;&gt;&gt;&gt;&gt; Fotos: Jolanta Ostrowski, Anna Gaborek, Julian Gaborek\r\n<\/p>\n\t\t\t\t\t\t\t\t\t\t\t\t\t<p class=\"ngg-album-gallery-image-counter\">\n\t\t\t\t\t\t\t\t<strong>74<\/strong>&nbsp;Fotos<\/p>\n\t\t\t\t\t\t\t\t\t\t\t<\/div>\n\t\t\t\t<\/div>\n\t\t\t<\/div>\n\t\t\t\t\t<div class=\"ngg-album\">\n\t\t\t\t<div class=\"ngg-albumcontent\">\n\t\t\t\t\t\t\t\t\t\t\t<div class=\"ngg-thumbnail\">\n\t\t\t\t\t\t\t<a class='gallery_link' href='https:\/\/poloniaoberoesterreich.com\/de\/fotogallerie\/2012-fotogalerie\/nggallery\/album-12\/koncert-prof-romana-peruckiego-1-07-2012'>\n\t\t\t\t\t\t\t\t<img class=\"Thumb\"\n\t\t\t\t\t\t\t\t\talt=\"Konzert von Prof. Roman Perucki - 1. Juli 2012\"\n\t\t\t\t\t\t\t\t\tsrc=\"https:\/\/poloniaoberoesterreich.com\/wp-content\/gallery\/koncert_perucki_2012\/cache\/DSC02101.JPG-nggid0514362-ngg0dyn-240x160x100-00f0w010c011r110f110r010t010.JPG\"\/>\n\t\t\t\t\t\t\t<\/a>\n\t\t\t\t\t\t<\/div>\n\t\t\t\t\t\t\t\t\t\t<div class=\"ngg-albumtitle\">\n\t\t\t\t\t\t<a class='gallery_link' href='https:\/\/poloniaoberoesterreich.com\/de\/fotogallerie\/2012-fotogalerie\/nggallery\/album-12\/koncert-prof-romana-peruckiego-1-07-2012'>Konzert von Prof. Roman Perucki - 1. Juli 2012<\/a>\n\t\t\t\t\t<\/div>\n\t\t\t\t\t<div class=\"ngg-description\">\n\t\t\t\t\t\t<p>Dieses Konzert war ein au\u00dfergew\u00f6hnliches Ereignis f\u00fcr Kenner der Orgelmusik. Das Pr\u00e4ludium, die Symphonie und der Bolero, gespielt von Prof. R. Perucki, waren wie eine Liebkosung f\u00fcr das Ohr. Es folgten ein Treffen am Sarkophag von Katharina \u2013 K\u00f6nigin von Polen und ein Empfang des Polnischen Instituts in Wien. &gt;&gt;&gt;&gt;&gt; Fotos: Julian Gaborek\r\n<\/p>\n\t\t\t\t\t\t\t\t\t\t\t\t\t<p class=\"ngg-album-gallery-image-counter\">\n\t\t\t\t\t\t\t\t<strong>22<\/strong>&nbsp;Fotos<\/p>\n\t\t\t\t\t\t\t\t\t\t\t<\/div>\n\t\t\t\t<\/div>\n\t\t\t<\/div>\n\t\t\t\t\t<div class=\"ngg-album\">\n\t\t\t\t<div class=\"ngg-albumcontent\">\n\t\t\t\t\t\t\t\t\t\t\t<div class=\"ngg-thumbnail\">\n\t\t\t\t\t\t\t<a class='gallery_link' href='https:\/\/poloniaoberoesterreich.com\/de\/fotogallerie\/2012-fotogalerie\/nggallery\/album-12\/wycieczka-do-wiednia-30-06-2012'>\n\t\t\t\t\t\t\t\t<img class=\"Thumb\"\n\t\t\t\t\t\t\t\t\talt=\"Eine Reise nach Wien - 30. Juni 2012\"\n\t\t\t\t\t\t\t\t\tsrc=\"https:\/\/poloniaoberoesterreich.com\/wp-content\/gallery\/wycieczka_do_wiednia_2012\/cache\/DSC_0386.JPG-nggid0514156-ngg0dyn-240x160x100-00f0w010c011r110f110r010t010.JPG\"\/>\n\t\t\t\t\t\t\t<\/a>\n\t\t\t\t\t\t<\/div>\n\t\t\t\t\t\t\t\t\t\t<div class=\"ngg-albumtitle\">\n\t\t\t\t\t\t<a class='gallery_link' href='https:\/\/poloniaoberoesterreich.com\/de\/fotogallerie\/2012-fotogalerie\/nggallery\/album-12\/wycieczka-do-wiednia-30-06-2012'>Eine Reise nach Wien - 30. Juni 2012<\/a>\n\t\t\t\t\t<\/div>\n\t\t\t\t\t<div class=\"ngg-description\">\n\t\t\t\t\t\t<p>Ein Ausflug nach Wien wird Kindern lange in Erinnerung bleiben, nicht nur weil es der hei\u00dfeste Tag des Jahres war, sondern auch weil er viele Eindr\u00fccke aus Europas \u00e4ltestem Vergn\u00fcgungspark am Prater bot. &gt;&gt;&gt;&gt;&gt; Fotos: Julian Gaborek\r\n<\/p>\n\t\t\t\t\t\t\t\t\t\t\t\t\t<p class=\"ngg-album-gallery-image-counter\">\n\t\t\t\t\t\t\t\t<strong>219<\/strong>&nbsp;Fotos<\/p>\n\t\t\t\t\t\t\t\t\t\t\t<\/div>\n\t\t\t\t<\/div>\n\t\t\t<\/div>\n\t\t\t\t\t<div class=\"ngg-album\">\n\t\t\t\t<div class=\"ngg-albumcontent\">\n\t\t\t\t\t\t\t\t\t\t\t<div class=\"ngg-thumbnail\">\n\t\t\t\t\t\t\t<a class='gallery_link' href='https:\/\/poloniaoberoesterreich.com\/de\/fotogallerie\/2012-fotogalerie\/nggallery\/album-12\/iv-zlot-polonijny-w-gornej-austrii-16-06-2012'>\n\t\t\t\t\t\t\t\t<img class=\"Thumb\"\n\t\t\t\t\t\t\t\t\talt=\"IV Polnische Diaspora-Rallye in Ober\u00f6sterreich - 16. Juni 2012\"\n\t\t\t\t\t\t\t\t\tsrc=\"https:\/\/poloniaoberoesterreich.com\/wp-content\/gallery\/zlot_pol_2012\/cache\/IMG_0812.JPG-nggid0514082-ngg0dyn-240x160x100-00f0w010c011r110f110r010t010.JPG\"\/>\n\t\t\t\t\t\t\t<\/a>\n\t\t\t\t\t\t<\/div>\n\t\t\t\t\t\t\t\t\t\t<div class=\"ngg-albumtitle\">\n\t\t\t\t\t\t<a class='gallery_link' href='https:\/\/poloniaoberoesterreich.com\/de\/fotogallerie\/2012-fotogalerie\/nggallery\/album-12\/iv-zlot-polonijny-w-gornej-austrii-16-06-2012'>IV Polnische Diaspora-Rallye in Ober\u00f6sterreich - 16. Juni 2012<\/a>\n\t\t\t\t\t<\/div>\n\t\t\t\t\t<div class=\"ngg-description\">\n\t\t\t\t\t\t<p>In der malerisch gelegenen Sportanlage \u201eUrfahr\u201c an der Donau trafen sich zum vierten Mal nicht nur heimische Landsleute, sondern auch aus Wien, Salzburg, M\u00fcnchen und Budapest zur Polonia-Rallye. Im k\u00fcnstlerischen Teil pr\u00e4sentierten sie ihre Volksgruppe \u201ePolonez\u201c aus Budapest und die Volksgruppe aus Rohrbach, abwechslungsreich mit ungarischen T\u00e4nzen. Diesmal war das Wetter gut. &gt;&gt;&gt;&gt;&gt; Fotos: Miros\u0142aw Dworczak, W\u0142adys\u0142aw Ciszewski\r\n<\/p>\n\t\t\t\t\t\t\t\t\t\t\t\t\t<p class=\"ngg-album-gallery-image-counter\">\n\t\t\t\t\t\t\t\t<strong>154<\/strong>&nbsp;Fotos<\/p>\n\t\t\t\t\t\t\t\t\t\t\t<\/div>\n\t\t\t\t<\/div>\n\t\t\t<\/div>\n\t\t\t\t\t<div class=\"ngg-album\">\n\t\t\t\t<div class=\"ngg-albumcontent\">\n\t\t\t\t\t\t\t\t\t\t\t<div class=\"ngg-thumbnail\">\n\t\t\t\t\t\t\t<a class='gallery_link' href='https:\/\/poloniaoberoesterreich.com\/de\/fotogallerie\/2012-fotogalerie\/nggallery\/album-12\/iv-igrzyska-polonijne-w-gornej-austrii-16-06-2012'>\n\t\t\t\t\t\t\t\t<img class=\"Thumb\"\n\t\t\t\t\t\t\t\t\talt=\"IV. Polenspiele in Ober\u00f6sterreich - 16. Juni 2012\"\n\t\t\t\t\t\t\t\t\tsrc=\"https:\/\/poloniaoberoesterreich.com\/wp-content\/gallery\/igrz_pol_2012\/cache\/IMG_0622.JPG-nggid0513807-ngg0dyn-240x160x100-00f0w010c011r110f110r010t010.JPG\"\/>\n\t\t\t\t\t\t\t<\/a>\n\t\t\t\t\t\t<\/div>\n\t\t\t\t\t\t\t\t\t\t<div class=\"ngg-albumtitle\">\n\t\t\t\t\t\t<a class='gallery_link' href='https:\/\/poloniaoberoesterreich.com\/de\/fotogallerie\/2012-fotogalerie\/nggallery\/album-12\/iv-igrzyska-polonijne-w-gornej-austrii-16-06-2012'>IV. Polenspiele in Ober\u00f6sterreich - 16. Juni 2012<\/a>\n\t\t\t\t\t<\/div>\n\t\t\t\t\t<div class=\"ngg-description\">\n\t\t\t\t\t\t<p>Mit Blick auf unsere J\u00fcngsten wurden bis 12 Uhr Sportwettk\u00e4mpfe f\u00fcr Kinder bis 12 Jahre organisiert. 8 Mannschaften nahmen am Fu\u00dfballturnier um den Ober\u00f6sterreichpokal teil, den ersten Platz belegte der SV Polonia M\u00fcnchen vor Orze\u0142 Linz und Polonia Wien. Marcin Kwiatkowski wurde Torsch\u00fctzenk\u00f6nig des Turniers. &gt;&gt;&gt;&gt;&gt; Fotos: Miros\u0142aw Dworczak, \u0141ukasz Bilski, W\u0142adys\u0142aw Ciszewski\r\n<\/p>\n\t\t\t\t\t\t\t\t\t\t\t\t\t<p class=\"ngg-album-gallery-image-counter\">\n\t\t\t\t\t\t\t\t<strong>216<\/strong>&nbsp;Fotos<\/p>\n\t\t\t\t\t\t\t\t\t\t\t<\/div>\n\t\t\t\t<\/div>\n\t\t\t<\/div>\n\t\t\t\t\t<div class=\"ngg-album\">\n\t\t\t\t<div class=\"ngg-albumcontent\">\n\t\t\t\t\t\t\t\t\t\t\t<div class=\"ngg-thumbnail\">\n\t\t\t\t\t\t\t<a class='gallery_link' href='https:\/\/poloniaoberoesterreich.com\/de\/fotogallerie\/2012-fotogalerie\/nggallery\/album-12\/majowka-w-horsching-28-05-2012'>\n\t\t\t\t\t\t\t\t<img class=\"Thumb\"\n\t\t\t\t\t\t\t\t\talt=\"Maiwochenende in H\u00f6rsching - 28. Mai 2012\"\n\t\t\t\t\t\t\t\t\tsrc=\"https:\/\/poloniaoberoesterreich.com\/wp-content\/gallery\/majowka_2012\/cache\/DSC02078.JPG-nggid0513759-ngg0dyn-240x160x100-00f0w010c011r110f110r010t010.JPG\"\/>\n\t\t\t\t\t\t\t<\/a>\n\t\t\t\t\t\t<\/div>\n\t\t\t\t\t\t\t\t\t\t<div class=\"ngg-albumtitle\">\n\t\t\t\t\t\t<a class='gallery_link' href='https:\/\/poloniaoberoesterreich.com\/de\/fotogallerie\/2012-fotogalerie\/nggallery\/album-12\/majowka-w-horsching-28-05-2012'>Maiwochenende in H\u00f6rsching - 28. Mai 2012<\/a>\n\t\t\t\t\t<\/div>\n\t\t\t\t\t<div class=\"ngg-description\">\n\t\t\t\t\t\t<p>Das Picknick in der Pfarrei H\u00f6rsching zog wie jedes Jahr viele Landsleute an. Musikalisch moderiert wurde diesmal der Wiener K\u00fcnstler Jacek Gaber, der auch eine Puppen- und Musikshow f\u00fcr Kinder gab. Gegrillte Leckereien und leckere Kuchen rundeten dieses Treffen schmackhaft ab. &gt;&gt;&gt;&gt;&gt; Fotos: \u0141ukasz Bilski\r\n<\/p>\n\t\t\t\t\t\t\t\t\t\t\t\t\t<p class=\"ngg-album-gallery-image-counter\">\n\t\t\t\t\t\t\t\t<strong>19<\/strong>&nbsp;Fotos<\/p>\n\t\t\t\t\t\t\t\t\t\t\t<\/div>\n\t\t\t\t<\/div>\n\t\t\t<\/div>\n\t\t\t\t\t<div class=\"ngg-album\">\n\t\t\t\t<div class=\"ngg-albumcontent\">\n\t\t\t\t\t\t\t\t\t\t\t<div class=\"ngg-thumbnail\">\n\t\t\t\t\t\t\t<a class='gallery_link' href='https:\/\/poloniaoberoesterreich.com\/de\/fotogallerie\/2012-fotogalerie\/nggallery\/album-12\/wycieczka-rowerowa-26-05-2012'>\n\t\t\t\t\t\t\t\t<img class=\"Thumb\"\n\t\t\t\t\t\t\t\t\talt=\"Fahrradtour - 26. Mai 2012\"\n\t\t\t\t\t\t\t\t\tsrc=\"https:\/\/poloniaoberoesterreich.com\/wp-content\/gallery\/rower_2012\/cache\/DSC02044.JPG-nggid0513738-ngg0dyn-240x160x100-00f0w010c011r110f110r010t010.JPG\"\/>\n\t\t\t\t\t\t\t<\/a>\n\t\t\t\t\t\t<\/div>\n\t\t\t\t\t\t\t\t\t\t<div class=\"ngg-albumtitle\">\n\t\t\t\t\t\t<a class='gallery_link' href='https:\/\/poloniaoberoesterreich.com\/de\/fotogallerie\/2012-fotogalerie\/nggallery\/album-12\/wycieczka-rowerowa-26-05-2012'>Fahrradtour - 26. Mai 2012<\/a>\n\t\t\t\t\t<\/div>\n\t\t\t\t\t<div class=\"ngg-description\">\n\t\t\t\t\t\t<p>Der Donauradweg ist ein Paradies f\u00fcr Liebhaber dieser Sportart. Die N\u00e4he der Natur zum Greifen nah, viel Gr\u00fcn, Ruhe und tolles Wetter sind eine gute M\u00f6glichkeit, Ihre Freizeit zu verbringen. &gt;&gt;&gt;&gt;&gt; Fotos: Julian Gaborek\r\n<\/p>\n\t\t\t\t\t\t\t\t\t\t\t\t\t<p class=\"ngg-album-gallery-image-counter\">\n\t\t\t\t\t\t\t\t<strong>48<\/strong>&nbsp;Fotos<\/p>\n\t\t\t\t\t\t\t\t\t\t\t<\/div>\n\t\t\t\t<\/div>\n\t\t\t<\/div>\n\t\t\t\t\t<div class=\"ngg-album\">\n\t\t\t\t<div class=\"ngg-albumcontent\">\n\t\t\t\t\t\t\t\t\t\t\t<div class=\"ngg-thumbnail\">\n\t\t\t\t\t\t\t<a class='gallery_link' href='https:\/\/poloniaoberoesterreich.com\/de\/fotogallerie\/2012-fotogalerie\/nggallery\/album-12\/uroczystosci-z-okazji-wyzwolenia-13-05-2012'>\n\t\t\t\t\t\t\t\t<img class=\"Thumb\"\n\t\t\t\t\t\t\t\t\talt=\"Befreiungsfeier - 13. Mai 2012\"\n\t\t\t\t\t\t\t\t\tsrc=\"https:\/\/poloniaoberoesterreich.com\/wp-content\/gallery\/mauthausen_2012\/cache\/DSC_0268.JPG-nggid0513685-ngg0dyn-240x160x100-00f0w010c011r110f110r010t010.JPG\"\/>\n\t\t\t\t\t\t\t<\/a>\n\t\t\t\t\t\t<\/div>\n\t\t\t\t\t\t\t\t\t\t<div class=\"ngg-albumtitle\">\n\t\t\t\t\t\t<a class='gallery_link' href='https:\/\/poloniaoberoesterreich.com\/de\/fotogallerie\/2012-fotogalerie\/nggallery\/album-12\/uroczystosci-z-okazji-wyzwolenia-13-05-2012'>Befreiungsfeier - 13. Mai 2012<\/a>\n\t\t\t\t\t<\/div>\n\t\t\t\t\t<div class=\"ngg-description\">\n\t\t\t\t\t\t<p>Auf dem Gel\u00e4nde des ehemaligen Konzentrationslagers Mauthausen und seiner Au\u00dfenlager Gusen und Ebensee wurden am 13. und 14. Mai Kr\u00e4nze und Blumenstr\u00e4u\u00dfe an den Mahnmalen niedergelegt, die an das Leiden und Sterben der H\u00e4ftlinge erinnern. &gt;&gt;&gt;&gt;&gt; Fotos: W\u0142adys\u0142aw Ciszewski, \u0141ukasz Bilski\r\n<\/p>\n\t\t\t\t\t\t\t\t\t\t\t\t\t<p class=\"ngg-album-gallery-image-counter\">\n\t\t\t\t\t\t\t\t<strong>73<\/strong>&nbsp;Fotos<\/p>\n\t\t\t\t\t\t\t\t\t\t\t<\/div>\n\t\t\t\t<\/div>\n\t\t\t<\/div>\n\t\t\t\t\t<div class=\"ngg-album\">\n\t\t\t\t<div class=\"ngg-albumcontent\">\n\t\t\t\t\t\t\t\t\t\t\t<div class=\"ngg-thumbnail\">\n\t\t\t\t\t\t\t<a class='gallery_link' href='https:\/\/poloniaoberoesterreich.com\/de\/fotogallerie\/2012-fotogalerie\/nggallery\/album-12\/dzien-matki-wystep-teatru-dzieciecego-wendelin-12-05-2012'>\n\t\t\t\t\t\t\t\t<img class=\"Thumb\"\n\t\t\t\t\t\t\t\t\talt=\"Muttertag, Auff\u00fchrung des Kindertheaters &quot;Wendelin&quot; - 12. Mai 2012\"\n\t\t\t\t\t\t\t\t\tsrc=\"https:\/\/poloniaoberoesterreich.com\/wp-content\/gallery\/dzien_matki_2012\/cache\/DSC_0089%20%283%29.JPG-nggid0513604-ngg0dyn-240x160x100-00f0w010c011r110f110r010t010.JPG\"\/>\n\t\t\t\t\t\t\t<\/a>\n\t\t\t\t\t\t<\/div>\n\t\t\t\t\t\t\t\t\t\t<div class=\"ngg-albumtitle\">\n\t\t\t\t\t\t<a class='gallery_link' href='https:\/\/poloniaoberoesterreich.com\/de\/fotogallerie\/2012-fotogalerie\/nggallery\/album-12\/dzien-matki-wystep-teatru-dzieciecego-wendelin-12-05-2012'>Muttertag, Auff\u00fchrung des Kindertheaters &quot;Wendelin&quot; - 12. Mai 2012<\/a>\n\t\t\t\t\t<\/div>\n\t\t\t\t\t<div class=\"ngg-description\">\n\t\t\t\t\t\t<p>Anl\u00e4sslich des Muttertags pr\u00e4sentierten die Kinder der Laientheatergruppe \u201eWENDELIN\u201c neben einem bunten und singenden Spektakel auch Gedichte und Lieder, die an diesem feierlichen Tag allen M\u00fcttern gewidmet waren, sowie die Auff\u00fchrung der Gruppe \u201eOberek\u201c. zus\u00e4tzliche Eindr\u00fccke vermittelt. &gt;&gt;&gt;&gt;&gt; Fotos: Jaros\u0142aw Paryl, Ewa Kus-Maslowski\r\n<\/p>\n\t\t\t\t\t\t\t\t\t\t\t\t\t<p class=\"ngg-album-gallery-image-counter\">\n\t\t\t\t\t\t\t\t<strong>84<\/strong>&nbsp;Fotos<\/p>\n\t\t\t\t\t\t\t\t\t\t\t<\/div>\n\t\t\t\t<\/div>\n\t\t\t<\/div>\n\t\t\t\t\t<div class=\"ngg-album\">\n\t\t\t\t<div class=\"ngg-albumcontent\">\n\t\t\t\t\t\t\t\t\t\t\t<div class=\"ngg-thumbnail\">\n\t\t\t\t\t\t\t<a class='gallery_link' href='https:\/\/poloniaoberoesterreich.com\/de\/fotogallerie\/2012-fotogalerie\/nggallery\/album-12\/v-konferencja-integracyjna-9-05-2012'>\n\t\t\t\t\t\t\t\t<img class=\"Thumb\"\n\t\t\t\t\t\t\t\t\talt=\"5. Integrationskonferenz - 9. Mai 2012\"\n\t\t\t\t\t\t\t\t\tsrc=\"https:\/\/poloniaoberoesterreich.com\/wp-content\/gallery\/konf_integr_2012\/cache\/IMG_9408.jpg-nggid0513547-ngg0dyn-240x160x100-00f0w010c011r110f110r010t010.jpg\"\/>\n\t\t\t\t\t\t\t<\/a>\n\t\t\t\t\t\t<\/div>\n\t\t\t\t\t\t\t\t\t\t<div class=\"ngg-albumtitle\">\n\t\t\t\t\t\t<a class='gallery_link' href='https:\/\/poloniaoberoesterreich.com\/de\/fotogallerie\/2012-fotogalerie\/nggallery\/album-12\/v-konferencja-integracyjna-9-05-2012'>5. Integrationskonferenz - 9. Mai 2012<\/a>\n\t\t\t\t\t<\/div>\n\t\t\t\t\t<div class=\"ngg-description\">\n\t\t\t\t\t\t<p>5. Integrationstagung des Landesverbandes f\u00fcr Integration in Ober\u00f6sterreich. Die Er\u00f6ffnungs- und Einf\u00fchrungsrede hielt der Linzer Landeshauptmann-Stellvertreter Josef Ackerl. Begleitendes Motto der diesj\u00e4hrigen Tagung war der Slogan \u201eIntegration ist was \u2026 was wir daraus machen. &gt;&gt;&gt;&gt;&gt; Fotos: Daniel Kauder\r\n<\/p>\n\t\t\t\t\t\t\t\t\t\t\t\t\t<p class=\"ngg-album-gallery-image-counter\">\n\t\t\t\t\t\t\t\t<strong>21<\/strong>&nbsp;Fotos<\/p>\n\t\t\t\t\t\t\t\t\t\t\t<\/div>\n\t\t\t\t<\/div>\n\t\t\t<\/div>\n\t\t\t\t\t<div class=\"ngg-album\">\n\t\t\t\t<div class=\"ngg-albumcontent\">\n\t\t\t\t\t\t\t\t\t\t\t<div class=\"ngg-thumbnail\">\n\t\t\t\t\t\t\t<a class='gallery_link' href='https:\/\/poloniaoberoesterreich.com\/de\/fotogallerie\/2012-fotogalerie\/nggallery\/album-12\/bankiet-w-ambasadzie-rp-w-wiedniu-8-05-2012'>\n\t\t\t\t\t\t\t\t<img class=\"Thumb\"\n\t\t\t\t\t\t\t\t\talt=\"Bankett in der Botschaft der Republik Polen in Wien - 8. Mai 2012\"\n\t\t\t\t\t\t\t\t\tsrc=\"https:\/\/poloniaoberoesterreich.com\/wp-content\/gallery\/bankiet_w_ambas_1012\/cache\/DSC01703.JPG-nggid0513526-ngg0dyn-240x160x100-00f0w010c011r110f110r010t010.JPG\"\/>\n\t\t\t\t\t\t\t<\/a>\n\t\t\t\t\t\t<\/div>\n\t\t\t\t\t\t\t\t\t\t<div class=\"ngg-albumtitle\">\n\t\t\t\t\t\t<a class='gallery_link' href='https:\/\/poloniaoberoesterreich.com\/de\/fotogallerie\/2012-fotogalerie\/nggallery\/album-12\/bankiet-w-ambasadzie-rp-w-wiedniu-8-05-2012'>Bankett in der Botschaft der Republik Polen in Wien - 8. Mai 2012<\/a>\n\t\t\t\t\t<\/div>\n\t\t\t\t\t<div class=\"ngg-description\">\n\t\t\t\t\t\t<p>Die Feier der Verfassung vom 3. Mai fand in der Botschaft der Republik Polen statt. Unter den zahlreichen geladenen G\u00e4sten aus vielen diplomatischen Vertretungen und polnischen Gemeinden im Ausland war auch eine Delegation unserer Organisation. &gt;&gt;&gt;&gt;&gt; Fotos: Olga Swietlicka\r\n<\/p>\n\t\t\t\t\t\t\t\t\t\t\t\t\t<p class=\"ngg-album-gallery-image-counter\">\n\t\t\t\t\t\t\t\t<strong>47<\/strong>&nbsp;Fotos<\/p>\n\t\t\t\t\t\t\t\t\t\t\t<\/div>\n\t\t\t\t<\/div>\n\t\t\t<\/div>\n\t\t\t\t\t<div class=\"ngg-album\">\n\t\t\t\t<div class=\"ngg-albumcontent\">\n\t\t\t\t\t\t\t\t\t\t\t<div class=\"ngg-thumbnail\">\n\t\t\t\t\t\t\t<a class='gallery_link' href='https:\/\/poloniaoberoesterreich.com\/de\/fotogallerie\/2012-fotogalerie\/nggallery\/album-12\/kabaret-e-stan-wojenny-na-wesolo-21-04-2012'>\n\t\t\t\t\t\t\t\t<img class=\"Thumb\"\n\t\t\t\t\t\t\t\t\talt=\"Cabaret E \u2013 Kriegsrecht zum Spa\u00df \u2013 21. April 2012\"\n\t\t\t\t\t\t\t\t\tsrc=\"https:\/\/poloniaoberoesterreich.com\/wp-content\/gallery\/kabaret_stan_woj\/cache\/DSC_0117.JPG-nggid0513478-ngg0dyn-240x160x100-00f0w010c011r110f110r010t010.JPG\"\/>\n\t\t\t\t\t\t\t<\/a>\n\t\t\t\t\t\t<\/div>\n\t\t\t\t\t\t\t\t\t\t<div class=\"ngg-albumtitle\">\n\t\t\t\t\t\t<a class='gallery_link' href='https:\/\/poloniaoberoesterreich.com\/de\/fotogallerie\/2012-fotogalerie\/nggallery\/album-12\/kabaret-e-stan-wojenny-na-wesolo-21-04-2012'>Cabaret E \u2013 Kriegsrecht zum Spa\u00df \u2013 21. April 2012<\/a>\n\t\t\t\t\t<\/div>\n\t\t\t\t\t<div class=\"ngg-description\">\n\t\t\t\t\t\t<p>Nach \u00fcber 30 Jahren konnten wir uns dank der Auff\u00fchrung \u201eWie es mit dem Kriegsrecht war \u2013 heiter\u201c von \u201eKabaret E\u201c aus Wien an diese Zeit erinnern. Es hat sicherlich zum Nachdenken und Nachdenken \u00fcber die Bedeutung dieser Ereignisse in unserem Leben angeregt. &gt;&gt;&gt;&gt;&gt; Fotos: W\u0142adys\u0142aw Ciszewski\r\n<\/p>\n\t\t\t\t\t\t\t\t\t\t\t\t\t<p class=\"ngg-album-gallery-image-counter\">\n\t\t\t\t\t\t\t\t<strong>40<\/strong>&nbsp;Fotos<\/p>\n\t\t\t\t\t\t\t\t\t\t\t<\/div>\n\t\t\t\t<\/div>\n\t\t\t<\/div>\n\t\t\t\t\t<div class=\"ngg-album\">\n\t\t\t\t<div class=\"ngg-albumcontent\">\n\t\t\t\t\t\t\t\t\t\t\t<div class=\"ngg-thumbnail\">\n\t\t\t\t\t\t\t<a class='gallery_link' href='https:\/\/poloniaoberoesterreich.com\/de\/fotogallerie\/2012-fotogalerie\/nggallery\/album-12\/koncert-wielkanocny-maria-kasznia-24-03-2012'>\n\t\t\t\t\t\t\t\t<img class=\"Thumb\"\n\t\t\t\t\t\t\t\t\talt=\"Osterkonzert - Maria Kasznia - 24. M\u00e4rz 2012\"\n\t\t\t\t\t\t\t\t\tsrc=\"https:\/\/poloniaoberoesterreich.com\/wp-content\/gallery\/wielkanoc_2012\/cache\/DSC_0087.JPG-nggid0513412-ngg0dyn-240x160x100-00f0w010c011r110f110r010t010.JPG\"\/>\n\t\t\t\t\t\t\t<\/a>\n\t\t\t\t\t\t<\/div>\n\t\t\t\t\t\t\t\t\t\t<div class=\"ngg-albumtitle\">\n\t\t\t\t\t\t<a class='gallery_link' href='https:\/\/poloniaoberoesterreich.com\/de\/fotogallerie\/2012-fotogalerie\/nggallery\/album-12\/koncert-wielkanocny-maria-kasznia-24-03-2012'>Osterkonzert - Maria Kasznia - 24. M\u00e4rz 2012<\/a>\n\t\t\t\t\t<\/div>\n\t\t\t\t\t<div class=\"ngg-description\">\n\t\t\t\t\t\t<p>\u201eFrohes Halleluja\u201c \u2013 solche W\u00fcnsche sprach der polnische Zauberpriester an. Herbert Sojka zur polnischen Gemeinde, die sich beim Osterkonzert versammelt hatte. Das Konzert wurde von der Pianistin Maria Kasznia aufgef\u00fchrt, die Werke von F. Liszt, R. Schumann, J. Paderewski und F. Chopin spielte. &gt;&gt;&gt;&gt;&gt; Fotos: W\u0142adys\u0142aw Ciszewski\r\n<\/p>\n\t\t\t\t\t\t\t\t\t\t\t\t\t<p class=\"ngg-album-gallery-image-counter\">\n\t\t\t\t\t\t\t\t<strong>51<\/strong>&nbsp;Fotos<\/p>\n\t\t\t\t\t\t\t\t\t\t\t<\/div>\n\t\t\t\t<\/div>\n\t\t\t<\/div>\n\t\t\t\t\t<div class=\"ngg-album\">\n\t\t\t\t<div class=\"ngg-albumcontent\">\n\t\t\t\t\t\t\t\t\t\t\t<div class=\"ngg-thumbnail\">\n\t\t\t\t\t\t\t<a class='gallery_link' href='https:\/\/poloniaoberoesterreich.com\/de\/fotogallerie\/2012-fotogalerie\/nggallery\/album-12\/iv-turniej-tenisa-stolowego-o-puchar-gornej-austrii-10-03-2012'>\n\t\t\t\t\t\t\t\t<img class=\"Thumb\"\n\t\t\t\t\t\t\t\t\talt=\"4. Tischtennisturnier um den Ober\u00f6sterreich Cup - 03.10.2012\"\n\t\t\t\t\t\t\t\t\tsrc=\"https:\/\/poloniaoberoesterreich.com\/wp-content\/gallery\/turn_tenis_stol_2012\/cache\/DSC_0144.JPG-nggid0513333-ngg0dyn-240x160x100-00f0w010c011r110f110r010t010.JPG\"\/>\n\t\t\t\t\t\t\t<\/a>\n\t\t\t\t\t\t<\/div>\n\t\t\t\t\t\t\t\t\t\t<div class=\"ngg-albumtitle\">\n\t\t\t\t\t\t<a class='gallery_link' href='https:\/\/poloniaoberoesterreich.com\/de\/fotogallerie\/2012-fotogalerie\/nggallery\/album-12\/iv-turniej-tenisa-stolowego-o-puchar-gornej-austrii-10-03-2012'>4. Tischtennisturnier um den Ober\u00f6sterreich Cup - 03.10.2012<\/a>\n\t\t\t\t\t<\/div>\n\t\t\t\t\t<div class=\"ngg-description\">\n\t\t\t\t\t\t<p>Ping-Pong, Ping-Pong, da wurde beim 4. Ober\u00f6sterreichischen Tischtennisturnier mit den Tischtennisb\u00e4llen geklopft. Und das sind die Gewinner der ersten 3 Pl\u00e4tze: Christian W\u0105s, Andrzej Duli\u0144ski und Andrzej Gaborek. &gt;&gt;&gt;&gt;&gt; Fotos: Maja Haller\r\n<\/p>\n\t\t\t\t\t\t\t\t\t\t\t\t\t<p class=\"ngg-album-gallery-image-counter\">\n\t\t\t\t\t\t\t\t<strong>86<\/strong>&nbsp;Fotos<\/p>\n\t\t\t\t\t\t\t\t\t\t\t<\/div>\n\t\t\t\t<\/div>\n\t\t\t<\/div>\n\t\t\t\t\t<div class=\"ngg-album\">\n\t\t\t\t<div class=\"ngg-albumcontent\">\n\t\t\t\t\t\t\t\t\t\t\t<div class=\"ngg-thumbnail\">\n\t\t\t\t\t\t\t<a class='gallery_link' href='https:\/\/poloniaoberoesterreich.com\/de\/fotogallerie\/2012-fotogalerie\/nggallery\/album-12\/koncert-z-okazji-dnia-kobiet-3-03-2012'>\n\t\t\t\t\t\t\t\t<img class=\"Thumb\"\n\t\t\t\t\t\t\t\t\talt=\"Konzert anl\u00e4sslich des Frauentags - 03.03.2012\"\n\t\t\t\t\t\t\t\t\tsrc=\"https:\/\/poloniaoberoesterreich.com\/wp-content\/gallery\/dzien_kobiet_2012\/cache\/DSC_0033%20%283%29.JPG-nggid0513268-ngg0dyn-240x160x100-00f0w010c011r110f110r010t010.JPG\"\/>\n\t\t\t\t\t\t\t<\/a>\n\t\t\t\t\t\t<\/div>\n\t\t\t\t\t\t\t\t\t\t<div class=\"ngg-albumtitle\">\n\t\t\t\t\t\t<a class='gallery_link' href='https:\/\/poloniaoberoesterreich.com\/de\/fotogallerie\/2012-fotogalerie\/nggallery\/album-12\/koncert-z-okazji-dnia-kobiet-3-03-2012'>Konzert anl\u00e4sslich des Frauentags - 03.03.2012<\/a>\n\t\t\t\t\t<\/div>\n\t\t\t\t\t<div class=\"ngg-description\">\n\t\t\t\t\t\t<p>&quot;Ich bin eine Frau und um das zu feiern, bin ich anl\u00e4sslich des &quot;Frauentags&quot; zum Konzert gekommen - sagte eine der Damen. Das Konzert spielte die Sopranistin Barbara Lefik, begleitet von Roman Teodorowicz. &gt;&gt;&gt;&gt;&gt; Fotos: Ekaterina Bilska\r\n<\/p>\n\t\t\t\t\t\t\t\t\t\t\t\t\t<p class=\"ngg-album-gallery-image-counter\">\n\t\t\t\t\t\t\t\t<strong>39<\/strong>&nbsp;Fotos<\/p>\n\t\t\t\t\t\t\t\t\t\t\t<\/div>\n\t\t\t\t<\/div>\n\t\t\t<\/div>\n\t\t\t\t\t<div class=\"ngg-album\">\n\t\t\t\t<div class=\"ngg-albumcontent\">\n\t\t\t\t\t\t\t\t\t\t\t<div class=\"ngg-thumbnail\">\n\t\t\t\t\t\t\t<a class='gallery_link' href='https:\/\/poloniaoberoesterreich.com\/de\/fotogallerie\/2012-fotogalerie\/nggallery\/album-12\/gry-w-kregle-18-02-2012'>\n\t\t\t\t\t\t\t\t<img class=\"Thumb\"\n\t\t\t\t\t\t\t\t\talt=\"Bowlingspiele - 18.02.2012\"\n\t\t\t\t\t\t\t\t\tsrc=\"https:\/\/poloniaoberoesterreich.com\/wp-content\/gallery\/kregle_2012\/cache\/DSC_0048.JPG-nggid0513232-ngg0dyn-240x160x100-00f0w010c011r110f110r010t010.JPG\"\/>\n\t\t\t\t\t\t\t<\/a>\n\t\t\t\t\t\t<\/div>\n\t\t\t\t\t\t\t\t\t\t<div class=\"ngg-albumtitle\">\n\t\t\t\t\t\t<a class='gallery_link' href='https:\/\/poloniaoberoesterreich.com\/de\/fotogallerie\/2012-fotogalerie\/nggallery\/album-12\/gry-w-kregle-18-02-2012'>Bowlingspiele - 18.02.2012<\/a>\n\t\t\t\t\t<\/div>\n\t\t\t\t\t<div class=\"ngg-description\">\n\t\t\t\t\t\t<p>Am 18. Februar wurden auf der Kegelbahn in Kleinm\u00fcnchen die \u201eSchweine\u201c oder die \u201eTr\u00f6ge\u201c abwechselnd von tosenden Freuden- oder Entt\u00e4uschungsschreien begleitet. Krzysztof Haller ging aus diesem Wettbewerb als Sieger hervor und belegte den ersten Platz. W\u00e4hrend das Gewinnen Spa\u00df macht, ist das Wichtigste beim Gewinnen, Spa\u00df zu haben und einen Sinn f\u00fcr Humor zu haben. &gt;&gt;&gt;&gt;&gt; Fotos: Krzysztof Haller\r\n<\/p>\n\t\t\t\t\t\t\t\t\t\t\t\t\t<p class=\"ngg-album-gallery-image-counter\">\n\t\t\t\t\t\t\t\t<strong>39<\/strong>&nbsp;Fotos<\/p>\n\t\t\t\t\t\t\t\t\t\t\t<\/div>\n\t\t\t\t<\/div>\n\t\t\t<\/div>\n\t\t\t\t\t<div class=\"ngg-album\">\n\t\t\t\t<div class=\"ngg-albumcontent\">\n\t\t\t\t\t\t\t\t\t\t\t<div class=\"ngg-thumbnail\">\n\t\t\t\t\t\t\t<a class='gallery_link' href='https:\/\/poloniaoberoesterreich.com\/de\/fotogallerie\/2012-fotogalerie\/nggallery\/album-12\/iv-halowyturniej-pilki-noznej-o-puchar-gornej-austrii-11-02-2012'>\n\t\t\t\t\t\t\t\t<img class=\"Thumb\"\n\t\t\t\t\t\t\t\t\talt=\"4. Hallenfu\u00dfballturnier um den Ober\u00f6sterreich Cup - 02.11.2012\"\n\t\t\t\t\t\t\t\t\tsrc=\"https:\/\/poloniaoberoesterreich.com\/wp-content\/gallery\/turn_pilki_hal_2012\/cache\/DSC_0001.JPG-nggid0513086-ngg0dyn-240x160x100-00f0w010c011r110f110r010t010.JPG\"\/>\n\t\t\t\t\t\t\t<\/a>\n\t\t\t\t\t\t<\/div>\n\t\t\t\t\t\t\t\t\t\t<div class=\"ngg-albumtitle\">\n\t\t\t\t\t\t<a class='gallery_link' href='https:\/\/poloniaoberoesterreich.com\/de\/fotogallerie\/2012-fotogalerie\/nggallery\/album-12\/iv-halowyturniej-pilki-noznej-o-puchar-gornej-austrii-11-02-2012'>4. Hallenfu\u00dfballturnier um den Ober\u00f6sterreich Cup - 02.11.2012<\/a>\n\t\t\t\t\t<\/div>\n\t\t\t\t\t<div class=\"ngg-description\">\n\t\t\t\t\t\t<p>Die Fans und Spieler dieses Sports konnten in Emotionen schwelgen, als 6 Mannschaften an den Spielen in der Halle in Petrinum teilnahmen. Nach interessanten, actionreichen Spielen wurden die Fu\u00dfballer aus Bad Schallerbach f\u00fcr ihren ersten Platz mit dem Pokal ausgezeichnet. Jeremiasz Trochanowski wurde mit 11 Treffern Tork\u00f6nig. &gt;&gt;&gt;&gt;&gt; Fotos: Julian Gaborek\r\n<\/p>\n\t\t\t\t\t\t\t\t\t\t\t\t\t<p class=\"ngg-album-gallery-image-counter\">\n\t\t\t\t\t\t\t\t<strong>114<\/strong>&nbsp;Fotos<\/p>\n\t\t\t\t\t\t\t\t\t\t\t<\/div>\n\t\t\t\t<\/div>\n\t\t\t<\/div>\n\t\t\t\t\t<div class=\"ngg-album\">\n\t\t\t\t<div class=\"ngg-albumcontent\">\n\t\t\t\t\t\t\t\t\t\t\t<div class=\"ngg-thumbnail\">\n\t\t\t\t\t\t\t<a class='gallery_link' href='https:\/\/poloniaoberoesterreich.com\/de\/fotogallerie\/2012-fotogalerie\/nggallery\/album-12\/iv-bal-karnawalowy-polonii-w-gornej-austrii-4-02-2012'>\n\t\t\t\t\t\t\t\t<img class=\"Thumb\"\n\t\t\t\t\t\t\t\t\talt=\"IV Faschingsball der polnischen Diaspora in Ober\u00f6sterreich - 4. Februar 2012\"\n\t\t\t\t\t\t\t\t\tsrc=\"https:\/\/poloniaoberoesterreich.com\/wp-content\/gallery\/bal_karnawolowy_2012\/cache\/DSC_0256.JPG-nggid0512976-ngg0dyn-240x160x100-00f0w010c011r110f110r010t010.JPG\"\/>\n\t\t\t\t\t\t\t<\/a>\n\t\t\t\t\t\t<\/div>\n\t\t\t\t\t\t\t\t\t\t<div class=\"ngg-albumtitle\">\n\t\t\t\t\t\t<a class='gallery_link' href='https:\/\/poloniaoberoesterreich.com\/de\/fotogallerie\/2012-fotogalerie\/nggallery\/album-12\/iv-bal-karnawalowy-polonii-w-gornej-austrii-4-02-2012'>IV Faschingsball der polnischen Diaspora in Ober\u00f6sterreich - 4. Februar 2012<\/a>\n\t\t\t\t\t<\/div>\n\t\t\t\t\t<div class=\"ngg-description\">\n\t\t\t\t\t\t<p>Die Worte des Liedes \u201eEs lebe der Ball\u201c passten sehr gut zum 4. Faschingsball, der voller Leben und Ausdruck war und sich im Tanz der verf\u00e4rbten Kost\u00fcmfiguren ausdr\u00fcckte. W\u00e4hrend des Balls wurde das einfallsreichste Outfit ausgew\u00e4hlt und die Bilder bei der WOSP versteigert. &gt;&gt;&gt;&gt;&gt; Fotos: Pawe\u0142 Friedel, W\u0142adys\u0142aw Ciszewski, Miros\u0142aw Dworczak\r\n<\/p>\n\t\t\t\t\t\t\t\t\t\t\t\t\t<p class=\"ngg-album-gallery-image-counter\">\n\t\t\t\t\t\t\t\t<strong>212<\/strong>&nbsp;Fotos<\/p>\n\t\t\t\t\t\t\t\t\t\t\t<\/div>\n\t\t\t\t<\/div>\n\t\t\t<\/div>\n\t\t\t\t\t<div class=\"ngg-album\">\n\t\t\t\t<div class=\"ngg-albumcontent\">\n\t\t\t\t\t\t\t\t\t\t\t<div class=\"ngg-thumbnail\">\n\t\t\t\t\t\t\t<a class='gallery_link' href='https:\/\/poloniaoberoesterreich.com\/de\/fotogallerie\/2012-fotogalerie\/nggallery\/album-12\/iv-bal-karnawalowy-dla-dzieci-28-01-2012'>\n\t\t\t\t\t\t\t\t<img class=\"Thumb\"\n\t\t\t\t\t\t\t\t\talt=\"IV Faschingsball f\u00fcr Kinder - 28. Januar 2012\"\n\t\t\t\t\t\t\t\t\tsrc=\"https:\/\/poloniaoberoesterreich.com\/wp-content\/gallery\/bal_karn_dzieci_2012\/cache\/DSC_0389.JPG-nggid0512851-ngg0dyn-240x160x100-00f0w010c011r110f110r010t010.JPG\"\/>\n\t\t\t\t\t\t\t<\/a>\n\t\t\t\t\t\t<\/div>\n\t\t\t\t\t\t\t\t\t\t<div class=\"ngg-albumtitle\">\n\t\t\t\t\t\t<a class='gallery_link' href='https:\/\/poloniaoberoesterreich.com\/de\/fotogallerie\/2012-fotogalerie\/nggallery\/album-12\/iv-bal-karnawalowy-dla-dzieci-28-01-2012'>IV Faschingsball f\u00fcr Kinder - 28. Januar 2012<\/a>\n\t\t\t\t\t<\/div>\n\t\t\t\t\t<div class=\"ngg-description\">\n\t\t\t\t\t\t<p>Die Kinder dieses Abends tauchten beim 4. Faschingsball, der von Olga Swietlicka und Malwina St\u0119pie\u0144 moderiert wurde, in die verzauberte Welt ein. Wie durch die Ber\u00fchrung eines Zauberstabs erschienen indische Frauen, Piraten, Prinzessinnen, ein Skelett, Mrs. Spring, ein Rennfahrer und andere ungew\u00f6hnliche Outfits auf der Tanzfl\u00e4che und hatten stundenlang Spa\u00df miteinander. &gt;&gt;&gt;&gt;&gt; Fotos: Pawe\u0142 Ku\u015bmierek\r\n<\/p>\n\t\t\t\t\t\t\t\t\t\t\t\t\t<p class=\"ngg-album-gallery-image-counter\">\n\t\t\t\t\t\t\t\t<strong>136<\/strong>&nbsp;Fotos<\/p>\n\t\t\t\t\t\t\t\t\t\t\t<\/div>\n\t\t\t\t<\/div>\n\t\t\t<\/div>\n\t\t\t\t\t<div class=\"ngg-album\">\n\t\t\t\t<div class=\"ngg-albumcontent\">\n\t\t\t\t\t\t\t\t\t\t\t<div class=\"ngg-thumbnail\">\n\t\t\t\t\t\t\t<a class='gallery_link' href='https:\/\/poloniaoberoesterreich.com\/de\/fotogallerie\/2012-fotogalerie\/nggallery\/album-12\/wystep-zespolu-folklorystycznego-gorzowiacy-21-01-2012'>\n\t\t\t\t\t\t\t\t<img class=\"Thumb\"\n\t\t\t\t\t\t\t\t\talt=\"Auftritt der Volksgruppe &quot;Gorzowiacy&quot; - 21. Januar 2012\"\n\t\t\t\t\t\t\t\t\tsrc=\"https:\/\/poloniaoberoesterreich.com\/wp-content\/gallery\/gorzowiacy_2012\/cache\/DSC_0218.JPG-nggid0512667-ngg0dyn-240x160x100-00f0w010c011r110f110r010t010.JPG\"\/>\n\t\t\t\t\t\t\t<\/a>\n\t\t\t\t\t\t<\/div>\n\t\t\t\t\t\t\t\t\t\t<div class=\"ngg-albumtitle\">\n\t\t\t\t\t\t<a class='gallery_link' href='https:\/\/poloniaoberoesterreich.com\/de\/fotogallerie\/2012-fotogalerie\/nggallery\/album-12\/wystep-zespolu-folklorystycznego-gorzowiacy-21-01-2012'>Auftritt der Volksgruppe &quot;Gorzowiacy&quot; - 21. Januar 2012<\/a>\n\t\t\t\t\t<\/div>\n\t\t\t\t\t<div class=\"ngg-description\">\n\t\t\t\t\t\t<p>Sch\u00f6n pr\u00e4sentierte sich die Folkloregruppe \u201eGorzowiacy\u201c und tanzte am Samstag, 21. J\u00e4nner, f\u00fcr die polnische Gemeinde in Ober\u00f6sterreich. Junge K\u00fcnstler aus Polen, angef\u00fchrt von Herrn Bogdan Pu\u015bcizna, pr\u00e4sentierten farbenfrohe Kost\u00fcme, Lieder, T\u00e4nze und Br\u00e4uche aus verschiedenen Regionen Polens. &gt;&gt;&gt;&gt;&gt;&gt; Fotos: W\u0142adys\u0142aw Ciszewski, Pawe\u0142 Friedel\r\n<\/p>\n\t\t\t\t\t\t\t\t\t\t\t\t\t<p class=\"ngg-album-gallery-image-counter\">\n\t\t\t\t\t\t\t\t<strong>112<\/strong>&nbsp;Fotos<\/p>\n\t\t\t\t\t\t\t\t\t\t\t<\/div>\n\t\t\t\t<\/div>\n\t\t\t<\/div>\n\t\t\t\t\t<div class=\"ngg-album\">\n\t\t\t\t<div class=\"ngg-albumcontent\">\n\t\t\t\t\t\t\t\t\t\t\t<div class=\"ngg-thumbnail\">\n\t\t\t\t\t\t\t<a class='gallery_link' href='https:\/\/poloniaoberoesterreich.com\/de\/fotogallerie\/2012-fotogalerie\/nggallery\/album-12\/wyjazd-na-narty-14-01-2012'>\n\t\t\t\t\t\t\t\t<img class=\"Thumb\"\n\t\t\t\t\t\t\t\t\talt=\"Skiausflug - 14. Januar 2012\"\n\t\t\t\t\t\t\t\t\tsrc=\"https:\/\/poloniaoberoesterreich.com\/wp-content\/gallery\/narty_2012\/cache\/DSC01509.JPG-nggid0512622-ngg0dyn-240x160x100-00f0w010c011r110f110r010t010.JPG\"\/>\n\t\t\t\t\t\t\t<\/a>\n\t\t\t\t\t\t<\/div>\n\t\t\t\t\t\t\t\t\t\t<div class=\"ngg-albumtitle\">\n\t\t\t\t\t\t<a class='gallery_link' href='https:\/\/poloniaoberoesterreich.com\/de\/fotogallerie\/2012-fotogalerie\/nggallery\/album-12\/wyjazd-na-narty-14-01-2012'>Skiausflug - 14. Januar 2012<\/a>\n\t\t\t\t\t<\/div>\n\t\t\t\t\t<div class=\"ngg-description\">\n\t\t\t\t\t\t<p>Im Zeichen von Schneefall und Wind verbrachten wir diesen Tag auf den Skipisten in Hinterstoder. Den gr\u00f6\u00dften Spa\u00df hatten die j\u00fcngsten Anh\u00e4nger dieses wei\u00dfen Wahnsinns. &gt;&gt;&gt;&gt;&gt; Fotos: Adam Bazilevsky\r\n<\/p>\n\t\t\t\t\t\t\t\t\t\t\t\t\t<p class=\"ngg-album-gallery-image-counter\">\n\t\t\t\t\t\t\t\t<strong>21<\/strong>&nbsp;Fotos<\/p>\n\t\t\t\t\t\t\t\t\t\t\t<\/div>\n\t\t\t\t<\/div>\n\t\t\t<\/div>\n\t\t\t\t<div class='ngg-clear'><\/div>\t<\/div>\n<\/p>\n\t\t\t\t\t\t\t\t<\/div>\n\t\t\t\t\t<\/div>\n\t\t<\/div>\n\t\t\t\t<div class=\"elementor-column elementor-col-50 elementor-inner-column elementor-element elementor-element-30f4eb2e elementor-hidden-mobile\" data-id=\"30f4eb2e\" data-element_type=\"column\" data-settings=\"{&quot;background_background&quot;:&quot;classic&quot;}\">\n\t\t\t<div class=\"elementor-widget-wrap elementor-element-populated\">\n\t\t\t\t\t\t<div class=\"elementor-element elementor-element-69a95895 elementor-share-buttons--view-icon elementor-grid-tablet-3 elementor-grid-mobile-5 elementor-share-buttons--skin-gradient elementor-share-buttons--shape-square elementor-grid-0 elementor-share-buttons--color-official elementor-widget elementor-widget-share-buttons\" data-id=\"69a95895\" data-element_type=\"widget\" data-widget_type=\"share-buttons.default\">\n\t\t\t\t\t\t\t<div class=\"elementor-grid\" role=\"list\">\n\t\t\t\t\t\t\t\t<div class=\"elementor-grid-item\" role=\"listitem\">\n\t\t\t\t\t\t<div class=\"elementor-share-btn elementor-share-btn_facebook\" role=\"button\" tabindex=\"0\" aria-label=\"Auf Facebook teilen\">\n\t\t\t\t\t\t\t\t\t\t\t\t\t\t\t<span class=\"elementor-share-btn__icon\">\n\t\t\t\t\t\t\t\t<i class=\"fab fa-facebook\" aria-hidden=\"true\"><\/i>\t\t\t\t\t\t\t<\/span>\n\t\t\t\t\t\t\t\t\t\t\t\t\t\t\t\t\t\t\t\t<\/div>\n\t\t\t\t\t<\/div>\n\t\t\t\t\t\t\t\t\t<div class=\"elementor-grid-item\" role=\"listitem\">\n\t\t\t\t\t\t<div class=\"elementor-share-btn elementor-share-btn_twitter\" role=\"button\" tabindex=\"0\" aria-label=\"Auf Twitter teilen\">\n\t\t\t\t\t\t\t\t\t\t\t\t\t\t\t<span class=\"elementor-share-btn__icon\">\n\t\t\t\t\t\t\t\t<i class=\"fab fa-twitter\" aria-hidden=\"true\"><\/i>\t\t\t\t\t\t\t<\/span>\n\t\t\t\t\t\t\t\t\t\t\t\t\t\t\t\t\t\t\t\t<\/div>\n\t\t\t\t\t<\/div>\n\t\t\t\t\t\t\t\t\t<div class=\"elementor-grid-item\" role=\"listitem\">\n\t\t\t\t\t\t<div class=\"elementor-share-btn elementor-share-btn_linkedin\" role=\"button\" tabindex=\"0\" aria-label=\"Auf Linkedin teilen\">\n\t\t\t\t\t\t\t\t\t\t\t\t\t\t\t<span class=\"elementor-share-btn__icon\">\n\t\t\t\t\t\t\t\t<i class=\"fab fa-linkedin\" aria-hidden=\"true\"><\/i>\t\t\t\t\t\t\t<\/span>\n\t\t\t\t\t\t\t\t\t\t\t\t\t\t\t\t\t\t\t\t<\/div>\n\t\t\t\t\t<\/div>\n\t\t\t\t\t\t\t\t\t<div class=\"elementor-grid-item\" role=\"listitem\">\n\t\t\t\t\t\t<div class=\"elementor-share-btn elementor-share-btn_whatsapp\" role=\"button\" tabindex=\"0\" aria-label=\"Auf Whatsapp teilen\">\n\t\t\t\t\t\t\t\t\t\t\t\t\t\t\t<span class=\"elementor-share-btn__icon\">\n\t\t\t\t\t\t\t\t<i class=\"fab fa-whatsapp\" aria-hidden=\"true\"><\/i>\t\t\t\t\t\t\t<\/span>\n\t\t\t\t\t\t\t\t\t\t\t\t\t\t\t\t\t\t\t\t<\/div>\n\t\t\t\t\t<\/div>\n\t\t\t\t\t\t<\/div>\n\t\t\t\t\t\t<\/div>\n\t\t\t\t<div class=\"elementor-element elementor-element-9ada855 elementor-widget elementor-widget-heading\" data-id=\"9ada855\" data-element_type=\"widget\" data-widget_type=\"heading.default\">\n\t\t\t\t\t<h2 class=\"elementor-heading-title elementor-size-default\">Kategorie<\/h2>\t\t\t\t<\/div>\n\t\t\t\t<div class=\"elementor-element elementor-element-75f84469 elementor-nav-menu--dropdown-none elementor-widget elementor-widget-nav-menu\" data-id=\"75f84469\" data-element_type=\"widget\" data-settings=\"{&quot;layout&quot;:&quot;vertical&quot;,&quot;submenu_icon&quot;:{&quot;value&quot;:&quot;&lt;i class=\\&quot;fas fa-caret-down\\&quot; aria-hidden=\\&quot;true\\&quot;&gt;&lt;\\\/i&gt;&quot;,&quot;library&quot;:&quot;fa-solid&quot;}}\" data-widget_type=\"nav-menu.default\">\n\t\t\t\t\t\t\t\t<nav aria-label=\"Men\u00fc\" class=\"elementor-nav-menu--main elementor-nav-menu__container elementor-nav-menu--layout-vertical e--pointer-underline e--animation-fade\">\n\t\t\t\t<ul id=\"menu-1-75f84469\" class=\"elementor-nav-menu sm-vertical\"><li class=\"menu-item menu-item-type-post_type menu-item-object-page menu-item-29013\"><a href=\"https:\/\/poloniaoberoesterreich.com\/de\/fotogallerie\/\" class=\"elementor-item\">Fotogalerie<\/a><\/li>\n<li class=\"menu-item menu-item-type-post_type menu-item-object-page menu-item-145522\"><a href=\"https:\/\/poloniaoberoesterreich.com\/de\/fotogallerie\/2026-foto-galerie\/\" class=\"elementor-item\">2026<\/a><\/li>\n<li class=\"menu-item menu-item-type-post_type menu-item-object-page menu-item-141345\"><a href=\"https:\/\/poloniaoberoesterreich.com\/de\/fotogallerie\/2025-foto-galerie\/\" class=\"elementor-item\">2025<\/a><\/li>\n<li class=\"menu-item menu-item-type-post_type menu-item-object-page menu-item-131339\"><a href=\"https:\/\/poloniaoberoesterreich.com\/de\/fotogallerie\/2024-foto-galerie\/\" class=\"elementor-item\">2024<\/a><\/li>\n<li class=\"menu-item menu-item-type-post_type menu-item-object-page menu-item-95720\"><a href=\"https:\/\/poloniaoberoesterreich.com\/de\/fotogallerie\/2023-foto-galerie\/\" class=\"elementor-item\">2023<\/a><\/li>\n<li class=\"menu-item menu-item-type-post_type menu-item-object-page menu-item-29028\"><a href=\"https:\/\/poloniaoberoesterreich.com\/de\/fotogallerie\/2022-fotogalerie\/\" class=\"elementor-item\">2022<\/a><\/li>\n<li class=\"menu-item menu-item-type-post_type menu-item-object-page menu-item-29027\"><a href=\"https:\/\/poloniaoberoesterreich.com\/de\/fotogallerie\/2021-fotogalerie\/\" class=\"elementor-item\">2021<\/a><\/li>\n<li class=\"menu-item menu-item-type-post_type menu-item-object-page menu-item-29026\"><a href=\"https:\/\/poloniaoberoesterreich.com\/de\/fotogallerie\/2020-fotogalerie\/\" class=\"elementor-item\">2020<\/a><\/li>\n<li class=\"menu-item menu-item-type-post_type menu-item-object-page menu-item-29025\"><a href=\"https:\/\/poloniaoberoesterreich.com\/de\/fotogallerie\/2019-fotogalerie\/\" class=\"elementor-item\">2019<\/a><\/li>\n<li class=\"menu-item menu-item-type-post_type menu-item-object-page menu-item-29024\"><a href=\"https:\/\/poloniaoberoesterreich.com\/de\/fotogallerie\/2018-fotogalerie\/\" class=\"elementor-item\">2018<\/a><\/li>\n<li class=\"menu-item menu-item-type-post_type menu-item-object-page menu-item-29023\"><a href=\"https:\/\/poloniaoberoesterreich.com\/de\/fotogallerie\/2017-fotogalerie\/\" class=\"elementor-item\">2017<\/a><\/li>\n<li class=\"menu-item menu-item-type-post_type menu-item-object-page menu-item-29022\"><a href=\"https:\/\/poloniaoberoesterreich.com\/de\/fotogallerie\/2016-fotogalerie\/\" class=\"elementor-item\">2016<\/a><\/li>\n<li class=\"menu-item menu-item-type-post_type menu-item-object-page menu-item-29021\"><a href=\"https:\/\/poloniaoberoesterreich.com\/de\/fotogallerie\/2015-fotogalerie\/\" class=\"elementor-item\">2015<\/a><\/li>\n<li class=\"menu-item menu-item-type-post_type menu-item-object-page menu-item-29020\"><a href=\"https:\/\/poloniaoberoesterreich.com\/de\/fotogallerie\/2014-fotogalerie\/\" class=\"elementor-item\">2014<\/a><\/li>\n<li class=\"menu-item menu-item-type-post_type menu-item-object-page menu-item-29019\"><a href=\"https:\/\/poloniaoberoesterreich.com\/de\/fotogallerie\/2013-fotogalerie\/\" class=\"elementor-item\">2013<\/a><\/li>\n<li class=\"menu-item menu-item-type-post_type menu-item-object-page menu-item-29018\"><a href=\"https:\/\/poloniaoberoesterreich.com\/de\/fotogallerie\/2012-fotogalerie\/\" class=\"elementor-item\">2012<\/a><\/li>\n<li class=\"menu-item menu-item-type-post_type menu-item-object-page menu-item-29017\"><a href=\"https:\/\/poloniaoberoesterreich.com\/de\/fotogallerie\/2011-fotogalerie\/\" class=\"elementor-item\">2011<\/a><\/li>\n<li class=\"menu-item menu-item-type-post_type menu-item-object-page menu-item-29016\"><a href=\"https:\/\/poloniaoberoesterreich.com\/de\/fotogallerie\/2010-fotogalerie\/\" class=\"elementor-item\">2010<\/a><\/li>\n<li class=\"menu-item menu-item-type-post_type menu-item-object-page menu-item-29015\"><a href=\"https:\/\/poloniaoberoesterreich.com\/de\/fotogallerie\/2009-fotogalerie\/\" class=\"elementor-item\">2009<\/a><\/li>\n<li class=\"menu-item menu-item-type-post_type menu-item-object-page menu-item-29029\"><a href=\"https:\/\/poloniaoberoesterreich.com\/de\/fotogallerie\/2008-fotogalerie\/\" class=\"elementor-item\">2008<\/a><\/li>\n<\/ul>\t\t\t<\/nav>\n\t\t\t\t\t\t<nav class=\"elementor-nav-menu--dropdown elementor-nav-menu__container\" aria-hidden=\"true\">\n\t\t\t\t<ul id=\"menu-2-75f84469\" class=\"elementor-nav-menu sm-vertical\"><li class=\"menu-item menu-item-type-post_type menu-item-object-page menu-item-29013\"><a href=\"https:\/\/poloniaoberoesterreich.com\/de\/fotogallerie\/\" class=\"elementor-item\" tabindex=\"-1\">Fotogalerie<\/a><\/li>\n<li class=\"menu-item menu-item-type-post_type menu-item-object-page menu-item-145522\"><a href=\"https:\/\/poloniaoberoesterreich.com\/de\/fotogallerie\/2026-foto-galerie\/\" class=\"elementor-item\" tabindex=\"-1\">2026<\/a><\/li>\n<li class=\"menu-item menu-item-type-post_type menu-item-object-page menu-item-141345\"><a href=\"https:\/\/poloniaoberoesterreich.com\/de\/fotogallerie\/2025-foto-galerie\/\" class=\"elementor-item\" tabindex=\"-1\">2025<\/a><\/li>\n<li class=\"menu-item menu-item-type-post_type menu-item-object-page menu-item-131339\"><a href=\"https:\/\/poloniaoberoesterreich.com\/de\/fotogallerie\/2024-foto-galerie\/\" class=\"elementor-item\" tabindex=\"-1\">2024<\/a><\/li>\n<li class=\"menu-item menu-item-type-post_type menu-item-object-page menu-item-95720\"><a href=\"https:\/\/poloniaoberoesterreich.com\/de\/fotogallerie\/2023-foto-galerie\/\" class=\"elementor-item\" tabindex=\"-1\">2023<\/a><\/li>\n<li class=\"menu-item menu-item-type-post_type menu-item-object-page menu-item-29028\"><a href=\"https:\/\/poloniaoberoesterreich.com\/de\/fotogallerie\/2022-fotogalerie\/\" class=\"elementor-item\" tabindex=\"-1\">2022<\/a><\/li>\n<li class=\"menu-item menu-item-type-post_type menu-item-object-page menu-item-29027\"><a href=\"https:\/\/poloniaoberoesterreich.com\/de\/fotogallerie\/2021-fotogalerie\/\" class=\"elementor-item\" tabindex=\"-1\">2021<\/a><\/li>\n<li class=\"menu-item menu-item-type-post_type menu-item-object-page menu-item-29026\"><a href=\"https:\/\/poloniaoberoesterreich.com\/de\/fotogallerie\/2020-fotogalerie\/\" class=\"elementor-item\" tabindex=\"-1\">2020<\/a><\/li>\n<li class=\"menu-item menu-item-type-post_type menu-item-object-page menu-item-29025\"><a href=\"https:\/\/poloniaoberoesterreich.com\/de\/fotogallerie\/2019-fotogalerie\/\" class=\"elementor-item\" tabindex=\"-1\">2019<\/a><\/li>\n<li class=\"menu-item menu-item-type-post_type menu-item-object-page menu-item-29024\"><a href=\"https:\/\/poloniaoberoesterreich.com\/de\/fotogallerie\/2018-fotogalerie\/\" class=\"elementor-item\" tabindex=\"-1\">2018<\/a><\/li>\n<li class=\"menu-item menu-item-type-post_type menu-item-object-page menu-item-29023\"><a href=\"https:\/\/poloniaoberoesterreich.com\/de\/fotogallerie\/2017-fotogalerie\/\" class=\"elementor-item\" tabindex=\"-1\">2017<\/a><\/li>\n<li class=\"menu-item menu-item-type-post_type menu-item-object-page menu-item-29022\"><a href=\"https:\/\/poloniaoberoesterreich.com\/de\/fotogallerie\/2016-fotogalerie\/\" class=\"elementor-item\" tabindex=\"-1\">2016<\/a><\/li>\n<li class=\"menu-item menu-item-type-post_type menu-item-object-page menu-item-29021\"><a href=\"https:\/\/poloniaoberoesterreich.com\/de\/fotogallerie\/2015-fotogalerie\/\" class=\"elementor-item\" tabindex=\"-1\">2015<\/a><\/li>\n<li class=\"menu-item menu-item-type-post_type menu-item-object-page menu-item-29020\"><a href=\"https:\/\/poloniaoberoesterreich.com\/de\/fotogallerie\/2014-fotogalerie\/\" class=\"elementor-item\" tabindex=\"-1\">2014<\/a><\/li>\n<li class=\"menu-item menu-item-type-post_type menu-item-object-page menu-item-29019\"><a href=\"https:\/\/poloniaoberoesterreich.com\/de\/fotogallerie\/2013-fotogalerie\/\" class=\"elementor-item\" tabindex=\"-1\">2013<\/a><\/li>\n<li class=\"menu-item menu-item-type-post_type menu-item-object-page menu-item-29018\"><a href=\"https:\/\/poloniaoberoesterreich.com\/de\/fotogallerie\/2012-fotogalerie\/\" class=\"elementor-item\" tabindex=\"-1\">2012<\/a><\/li>\n<li class=\"menu-item menu-item-type-post_type menu-item-object-page menu-item-29017\"><a href=\"https:\/\/poloniaoberoesterreich.com\/de\/fotogallerie\/2011-fotogalerie\/\" class=\"elementor-item\" tabindex=\"-1\">2011<\/a><\/li>\n<li class=\"menu-item menu-item-type-post_type menu-item-object-page menu-item-29016\"><a href=\"https:\/\/poloniaoberoesterreich.com\/de\/fotogallerie\/2010-fotogalerie\/\" class=\"elementor-item\" tabindex=\"-1\">2010<\/a><\/li>\n<li class=\"menu-item menu-item-type-post_type menu-item-object-page menu-item-29015\"><a href=\"https:\/\/poloniaoberoesterreich.com\/de\/fotogallerie\/2009-fotogalerie\/\" class=\"elementor-item\" tabindex=\"-1\">2009<\/a><\/li>\n<li class=\"menu-item menu-item-type-post_type menu-item-object-page menu-item-29029\"><a href=\"https:\/\/poloniaoberoesterreich.com\/de\/fotogallerie\/2008-fotogalerie\/\" class=\"elementor-item\" tabindex=\"-1\">2008<\/a><\/li>\n<\/ul>\t\t\t<\/nav>\n\t\t\t\t\t\t<\/div>\n\t\t\t\t\t<\/div>\n\t\t<\/div>\n\t\t\t\t\t<\/div>\n\t\t<\/section>\n\t\t\t\t\t<\/div>\n\t\t<\/div>\n\t\t\t\t\t<\/div>\n\t\t<\/section>\n\t\t\t\t<\/div>","protected":false},"excerpt":{"rendered":"<p>Fotogalerie Seite von 2012<\/p>","protected":false},"author":1,"featured_media":0,"parent":23550,"menu_order":0,"comment_status":"closed","ping_status":"closed","template":"elementor_header_footer","meta":{"_seopress_robots_primary_cat":"","_seopress_titles_title":"Foto Galeria z roku 2012 - Wsp\u00f3lnota Polak\u00f3w w G\u00f3rnej Austrii","_seopress_titles_desc":"","_seopress_robots_index":"","ngg_post_thumbnail":0,"footnotes":""},"class_list":["post-26774","page","type-page","status-publish"],"_links":{"self":[{"href":"https:\/\/poloniaoberoesterreich.com\/de\/wp-json\/wp\/v2\/pages\/26774","targetHints":{"allow":["GET"]}}],"collection":[{"href":"https:\/\/poloniaoberoesterreich.com\/de\/wp-json\/wp\/v2\/pages"}],"about":[{"href":"https:\/\/poloniaoberoesterreich.com\/de\/wp-json\/wp\/v2\/types\/page"}],"author":[{"embeddable":true,"href":"https:\/\/poloniaoberoesterreich.com\/de\/wp-json\/wp\/v2\/users\/1"}],"replies":[{"embeddable":true,"href":"https:\/\/poloniaoberoesterreich.com\/de\/wp-json\/wp\/v2\/comments?post=26774"}],"version-history":[{"count":0,"href":"https:\/\/poloniaoberoesterreich.com\/de\/wp-json\/wp\/v2\/pages\/26774\/revisions"}],"up":[{"embeddable":true,"href":"https:\/\/poloniaoberoesterreich.com\/de\/wp-json\/wp\/v2\/pages\/23550"}],"wp:attachment":[{"href":"https:\/\/poloniaoberoesterreich.com\/de\/wp-json\/wp\/v2\/media?parent=26774"}],"curies":[{"name":"wp","href":"https:\/\/api.w.org\/{rel}","templated":true}]}}