{"id":26782,"date":"2022-08-12T08:35:11","date_gmt":"2022-08-12T06:35:11","guid":{"rendered":"https:\/\/poloniaoberoesterreich.com\/?page_id=26782"},"modified":"2024-11-22T11:51:04","modified_gmt":"2024-11-22T10:51:04","slug":"2008-fotogalerie","status":"publish","type":"page","link":"https:\/\/poloniaoberoesterreich.com\/de\/fotogallerie\/2008-fotogalerie\/","title":{"rendered":"2008"},"content":{"rendered":"<div data-elementor-type=\"wp-page\" data-elementor-id=\"26782\" class=\"elementor elementor-26782\" data-elementor-post-type=\"page\">\n\t\t\t\t\t\t<section class=\"elementor-section elementor-top-section elementor-element elementor-element-31c60e24 elementor-section-content-middle elementor-section-boxed elementor-section-height-default elementor-section-height-default\" data-id=\"31c60e24\" data-element_type=\"section\">\n\t\t\t\t\t\t<div class=\"elementor-container elementor-column-gap-default\">\n\t\t\t\t\t<div class=\"elementor-column elementor-col-100 elementor-top-column elementor-element elementor-element-44d39bf3\" data-id=\"44d39bf3\" data-element_type=\"column\" data-settings=\"{&quot;background_background&quot;:&quot;classic&quot;}\">\n\t\t\t<div class=\"elementor-widget-wrap elementor-element-populated\">\n\t\t\t\t\t\t<section class=\"elementor-section elementor-inner-section elementor-element elementor-element-6554aec elementor-section-boxed elementor-section-height-default elementor-section-height-default\" data-id=\"6554aec\" data-element_type=\"section\">\n\t\t\t\t\t\t<div class=\"elementor-container elementor-column-gap-default\">\n\t\t\t\t\t<div class=\"elementor-column elementor-col-50 elementor-inner-column elementor-element elementor-element-3fb42f47\" data-id=\"3fb42f47\" data-element_type=\"column\">\n\t\t\t<div class=\"elementor-widget-wrap elementor-element-populated\">\n\t\t\t\t\t\t<div class=\"elementor-element elementor-element-42fc5fe elementor-widget elementor-widget-sp-breadcrumbs\" data-id=\"42fc5fe\" data-element_type=\"widget\" data-widget_type=\"sp-breadcrumbs.default\">\n\t\t\t\t<div class=\"elementor-widget-container\">\n\t\t\t\t\t<nav  aria-label=\"Brotkr\u00fcmel\"><ol class=\"breadcrumb\" itemscope itemtype=\"https:\/\/schema.org\/BreadcrumbList\"><li class=\"breadcrumb-item active\" aria-current=\"page\" itemprop=\"itemListElement\" itemscope itemtype=\"https:\/\/schema.org\/ListItem\"><span itemprop=\"name\">Home<\/span><meta itemprop=\"position\" content=\"1\"><\/li><\/ol><\/nav>\t\t\t\t<\/div>\n\t\t\t\t<\/div>\n\t\t\t\t\t<\/div>\n\t\t<\/div>\n\t\t\t\t<div class=\"elementor-column elementor-col-50 elementor-inner-column elementor-element elementor-element-19fc29cf\" data-id=\"19fc29cf\" data-element_type=\"column\">\n\t\t\t<div class=\"elementor-widget-wrap elementor-element-populated\">\n\t\t\t\t\t\t<div class=\"elementor-element elementor-element-8947196 elementor-search-form--skin-classic elementor-search-form--button-type-icon elementor-search-form--icon-search elementor-widget elementor-widget-search-form\" data-id=\"8947196\" data-element_type=\"widget\" data-settings=\"{&quot;skin&quot;:&quot;classic&quot;}\" data-widget_type=\"search-form.default\">\n\t\t\t\t\t\t\t<search role=\"search\">\n\t\t\t<form class=\"elementor-search-form\" action=\"https:\/\/poloniaoberoesterreich.com\/de\/\" method=\"get\" data-trp-original-action=\"https:\/\/poloniaoberoesterreich.com\/de\">\n\t\t\t\t\t\t\t\t\t\t\t\t<div class=\"elementor-search-form__container\">\n\t\t\t\t\t<label class=\"elementor-screen-only\" for=\"elementor-search-form-8947196\">Suche<\/label>\n\n\t\t\t\t\t\n\t\t\t\t\t<input id=\"elementor-search-form-8947196\" placeholder=\"Suche ...\" class=\"elementor-search-form__input\" type=\"search\" name=\"s\" value=\"\">\n\t\t\t\t\t\n\t\t\t\t\t\t\t\t\t\t\t<button class=\"elementor-search-form__submit\" type=\"submit\" aria-label=\"Suche\">\n\t\t\t\t\t\t\t\t\t\t\t\t\t\t\t<i aria-hidden=\"true\" class=\"fas fa-search\"><\/i>\t\t\t\t\t\t\t\t\t\t\t\t\t<\/button>\n\t\t\t\t\t\n\t\t\t\t\t\t\t\t\t<\/div>\n\t\t\t<input type=\"hidden\" name=\"trp-form-language\" value=\"de\"\/><\/form>\n\t\t<\/search>\n\t\t\t\t\t\t<\/div>\n\t\t\t\t\t<\/div>\n\t\t<\/div>\n\t\t\t\t\t<\/div>\n\t\t<\/section>\n\t\t\t\t\t<\/div>\n\t\t<\/div>\n\t\t\t\t\t<\/div>\n\t\t<\/section>\n\t\t\t\t<section class=\"elementor-section elementor-top-section elementor-element elementor-element-3b906e0 elementor-section-boxed elementor-section-height-default elementor-section-height-default\" data-id=\"3b906e0\" data-element_type=\"section\">\n\t\t\t\t\t\t<div class=\"elementor-container elementor-column-gap-default\">\n\t\t\t\t\t<div class=\"elementor-column elementor-col-100 elementor-top-column elementor-element elementor-element-1f57fe58\" data-id=\"1f57fe58\" data-element_type=\"column\" data-settings=\"{&quot;background_background&quot;:&quot;classic&quot;}\">\n\t\t\t<div class=\"elementor-widget-wrap elementor-element-populated\">\n\t\t\t\t\t\t<section class=\"elementor-section elementor-inner-section elementor-element elementor-element-3757d088 elementor-section-boxed elementor-section-height-default elementor-section-height-default\" data-id=\"3757d088\" data-element_type=\"section\">\n\t\t\t\t\t\t<div class=\"elementor-container elementor-column-gap-default\">\n\t\t\t\t\t<div class=\"elementor-column elementor-col-50 elementor-inner-column elementor-element elementor-element-62c19f2e\" data-id=\"62c19f2e\" data-element_type=\"column\" data-settings=\"{&quot;background_background&quot;:&quot;classic&quot;}\">\n\t\t\t<div class=\"elementor-widget-wrap elementor-element-populated\">\n\t\t\t\t\t\t<div class=\"elementor-element elementor-element-28fc19b4 elementor-widget elementor-widget-text-editor\" data-id=\"28fc19b4\" data-element_type=\"widget\" data-widget_type=\"text-editor.default\">\n\t\t\t\t\t\t\t\t\t\n<p>Fotogalerie von 2008<\/p>\n\n<p>\t<div class=\"ngg-albumoverview default-view\">\n\t\t\t\t\t<div class=\"ngg-album\">\n\t\t\t\t<div class=\"ngg-albumcontent\">\n\t\t\t\t\t\t\t\t\t\t\t<div class=\"ngg-thumbnail\">\n\t\t\t\t\t\t\t<a class='gallery_link' href='https:\/\/poloniaoberoesterreich.com\/de\/fotogallerie\/2008-fotogalerie\/nggallery\/album-6\/zabawa-sylwestrowa-31-12-2008'>\n\t\t\t\t\t\t\t\t<img class=\"Thumb\"\n\t\t\t\t\t\t\t\t\talt=\"Silvesterparty - 31. Dezember 2008\"\n\t\t\t\t\t\t\t\t\tsrc=\"https:\/\/poloniaoberoesterreich.com\/wp-content\/gallery\/sylw08\/cache\/109sylw08.JPG-nggid041356-ngg0dyn-240x160x100-00f0w010c011r110f110r010t010.JPG\"\/>\n\t\t\t\t\t\t\t<\/a>\n\t\t\t\t\t\t<\/div>\n\t\t\t\t\t\t\t\t\t\t<div class=\"ngg-albumtitle\">\n\t\t\t\t\t\t<a class='gallery_link' href='https:\/\/poloniaoberoesterreich.com\/de\/fotogallerie\/2008-fotogalerie\/nggallery\/album-6\/zabawa-sylwestrowa-31-12-2008'>Silvesterparty - 31. Dezember 2008<\/a>\n\t\t\t\t\t<\/div>\n\t\t\t\t\t<div class=\"ngg-description\">\n\t\t\t\t\t\t<p>Am letzten Abend des Jahres 2008 fand im Gemeindehaus der SolarCity der Silvesterball statt. Veranstalter dieses Balles war der Vorstand der Polnischen Gemeinde in Ober\u00f6sterreich, dessen Pr\u00e4sident Herr Julian Gaborek ist. \u203a\u203a\u203a\u203a\u203a Fotos: Julian Gaborek, Krzysztof Szewczyk<\/p>\n\t\t\t\t\t\t\t\t\t\t\t\t\t<p class=\"ngg-album-gallery-image-counter\">\n\t\t\t\t\t\t\t\t<strong>171<\/strong>&nbsp;Fotos<\/p>\n\t\t\t\t\t\t\t\t\t\t\t<\/div>\n\t\t\t\t<\/div>\n\t\t\t<\/div>\n\t\t\t\t\t<div class=\"ngg-album\">\n\t\t\t\t<div class=\"ngg-albumcontent\">\n\t\t\t\t\t\t\t\t\t\t\t<div class=\"ngg-thumbnail\">\n\t\t\t\t\t\t\t<a class='gallery_link' href='https:\/\/poloniaoberoesterreich.com\/de\/fotogallerie\/2008-fotogalerie\/nggallery\/album-6\/koncert-koled-spotkanie-wigilijne-14-12-2008'>\n\t\t\t\t\t\t\t\t<img class=\"Thumb\"\n\t\t\t\t\t\t\t\t\talt=\"Konzert der Weihnachtslieder - Heiligabendtreffen - 14.12.2008\"\n\t\t\t\t\t\t\t\t\tsrc=\"https:\/\/poloniaoberoesterreich.com\/wp-content\/gallery\/kolendy\/cache\/_MG_8203.JPG-nggid041198-ngg0dyn-240x160x100-00f0w010c011r110f110r010t010.JPG\"\/>\n\t\t\t\t\t\t\t<\/a>\n\t\t\t\t\t\t<\/div>\n\t\t\t\t\t\t\t\t\t\t<div class=\"ngg-albumtitle\">\n\t\t\t\t\t\t<a class='gallery_link' href='https:\/\/poloniaoberoesterreich.com\/de\/fotogallerie\/2008-fotogalerie\/nggallery\/album-6\/koncert-koled-spotkanie-wigilijne-14-12-2008'>Konzert der Weihnachtslieder - Heiligabendtreffen - 14.12.2008<\/a>\n\t\t\t\t\t<\/div>\n\t\t\t\t\t<div class=\"ngg-description\">\n\t\t\t\t\t\t<p>Am 14. Dezember 2008 fand im Pfarrhaus in Linz das Heiligabendtreffen der O\u00f6. Polengemeinde statt. Der Abend begann mit einem Galakonzert der sch\u00f6nsten polnischen Weihnachtslieder, aufgef\u00fchrt von folgenden K\u00fcnstlern: Frau Jolanta D\u0119bicka, Herr Andrzej Petryka und Herr Andrzej Ulicz, begleitet von Klavier und Gitarre. &gt;&gt;&gt;&gt; Fotos: Miros\u0142aw Dworczak, Julian Gaborek<\/p>\n\t\t\t\t\t\t\t\t\t\t\t\t\t<p class=\"ngg-album-gallery-image-counter\">\n\t\t\t\t\t\t\t\t<strong>74<\/strong>&nbsp;Fotos<\/p>\n\t\t\t\t\t\t\t\t\t\t\t<\/div>\n\t\t\t\t<\/div>\n\t\t\t<\/div>\n\t\t\t\t\t<div class=\"ngg-album\">\n\t\t\t\t<div class=\"ngg-albumcontent\">\n\t\t\t\t\t\t\t\t\t\t\t<div class=\"ngg-thumbnail\">\n\t\t\t\t\t\t\t<a class='gallery_link' href='https:\/\/poloniaoberoesterreich.com\/de\/fotogallerie\/2008-fotogalerie\/nggallery\/album-6\/i-turniej-pilki-siatkowej-o-puchar-gornej-austrii-13-12-2008'>\n\t\t\t\t\t\t\t\t<img class=\"Thumb\"\n\t\t\t\t\t\t\t\t\talt=\"1. Volleyballturnier um den Ober\u00f6sterreich Cup - 13.12.2008 \"\n\t\t\t\t\t\t\t\t\tsrc=\"https:\/\/poloniaoberoesterreich.com\/wp-content\/gallery\/siata\/cache\/CIMG8767.JPG-nggid041080-ngg0dyn-240x160x100-00f0w010c011r110f110r010t010.JPG\"\/>\n\t\t\t\t\t\t\t<\/a>\n\t\t\t\t\t\t<\/div>\n\t\t\t\t\t\t\t\t\t\t<div class=\"ngg-albumtitle\">\n\t\t\t\t\t\t<a class='gallery_link' href='https:\/\/poloniaoberoesterreich.com\/de\/fotogallerie\/2008-fotogalerie\/nggallery\/album-6\/i-turniej-pilki-siatkowej-o-puchar-gornej-austrii-13-12-2008'>1. Volleyballturnier um den Ober\u00f6sterreich Cup - 13.12.2008 <\/a>\n\t\t\t\t\t<\/div>\n\t\t\t\t\t<div class=\"ngg-description\">\n\t\t\t\t\t\t<p>Am Samstag, 13. Dezember 2008, trafen sich Volleyballfans im Gymnasium Petrinum in Linz, um ihr erstes Volleyballturnier um den Ober\u00f6sterreichischen Pokal zu bestreiten. Drei Mannschaften aus dem Distrikt kamen zum Spielen; Linz, Ried und Kirchdorf. &gt;&gt;&gt;&gt; Fotos: Julian Gaborek, Bo\u017cena Szewczyk<\/p>\n\t\t\t\t\t\t\t\t\t\t\t\t\t<p class=\"ngg-album-gallery-image-counter\">\n\t\t\t\t\t\t\t\t<strong>98<\/strong>&nbsp;Fotos<\/p>\n\t\t\t\t\t\t\t\t\t\t\t<\/div>\n\t\t\t\t<\/div>\n\t\t\t<\/div>\n\t\t\t\t\t<div class=\"ngg-album\">\n\t\t\t\t<div class=\"ngg-albumcontent\">\n\t\t\t\t\t\t\t\t\t\t\t<div class=\"ngg-thumbnail\">\n\t\t\t\t\t\t\t<a class='gallery_link' href='https:\/\/poloniaoberoesterreich.com\/de\/fotogallerie\/2008-fotogalerie\/nggallery\/album-6\/mikolaj-dla-dzieci-5-12-2008'>\n\t\t\t\t\t\t\t\t<img class=\"Thumb\"\n\t\t\t\t\t\t\t\t\talt=\"Weihnachtsmann f\u00fcr Kinder - 5.12.2008\"\n\t\t\t\t\t\t\t\t\tsrc=\"https:\/\/poloniaoberoesterreich.com\/wp-content\/gallery\/mikolaj\/cache\/CIMG4641.JPG-nggid03971-ngg0dyn-240x160x100-00f0w010c011r110f110r010t010.JPG\"\/>\n\t\t\t\t\t\t\t<\/a>\n\t\t\t\t\t\t<\/div>\n\t\t\t\t\t\t\t\t\t\t<div class=\"ngg-albumtitle\">\n\t\t\t\t\t\t<a class='gallery_link' href='https:\/\/poloniaoberoesterreich.com\/de\/fotogallerie\/2008-fotogalerie\/nggallery\/album-6\/mikolaj-dla-dzieci-5-12-2008'>Weihnachtsmann f\u00fcr Kinder - 5.12.2008<\/a>\n\t\t\t\t\t<\/div>\n\t\t\t\t\t<div class=\"ngg-description\">\n\t\t\t\t\t\t<p>Am 6. Dezember 2008, in seinem Urlaub, kam Miko\u0142aj in unsere \u201eGemeinschaft\u201c, 15 Kinder und ihre Eltern warteten sehns\u00fcchtig auf ihn. Der Abend mit Miko\u0142aj wurde mit gemeinsamem Spa\u00df verbracht und die Freude \u00fcber die erhaltenen Geschenke war grenzenlos. \u203a\u203a\u203a\u203a\u203a Fotos: Julian Gaborek<\/p>\n\t\t\t\t\t\t\t\t\t\t\t\t\t<p class=\"ngg-album-gallery-image-counter\">\n\t\t\t\t\t\t\t\t<strong>105<\/strong>&nbsp;Fotos<\/p>\n\t\t\t\t\t\t\t\t\t\t\t<\/div>\n\t\t\t\t<\/div>\n\t\t\t<\/div>\n\t\t\t\t\t<div class=\"ngg-album\">\n\t\t\t\t<div class=\"ngg-albumcontent\">\n\t\t\t\t\t\t\t\t\t\t\t<div class=\"ngg-thumbnail\">\n\t\t\t\t\t\t\t<a class='gallery_link' href='https:\/\/poloniaoberoesterreich.com\/de\/fotogallerie\/2008-fotogalerie\/nggallery\/album-6\/i-bal-andrzejkowy-29-11-2008'>\n\t\t\t\t\t\t\t\t<img class=\"Thumb\"\n\t\t\t\t\t\t\t\t\talt=\"I. Andreasball - 29. November 2008\"\n\t\t\t\t\t\t\t\t\tsrc=\"https:\/\/poloniaoberoesterreich.com\/wp-content\/gallery\/andrzejki08\/cache\/CIMG4434.JPG-nggid03754-ngg0dyn-240x160x100-00f0w010c011r110f110r010t010.JPG\"\/>\n\t\t\t\t\t\t\t<\/a>\n\t\t\t\t\t\t<\/div>\n\t\t\t\t\t\t\t\t\t\t<div class=\"ngg-albumtitle\">\n\t\t\t\t\t\t<a class='gallery_link' href='https:\/\/poloniaoberoesterreich.com\/de\/fotogallerie\/2008-fotogalerie\/nggallery\/album-6\/i-bal-andrzejkowy-29-11-2008'>I. Andreasball - 29. November 2008<\/a>\n\t\t\t\t\t<\/div>\n\t\t\t\t\t<div class=\"ngg-description\">\n\t\t\t\t\t\t<p>Am 29. November fand der 1. Andreasball der Polnischen Gemeinde in Ober\u00f6sterreich statt. Die zahlreichen G\u00e4ste hatten viel Spa\u00df und alle wurden von der Musikband \u201eI&#039;m\u201c aus Wien bestens unterhalten, wie die Fotos unten zeigen. \u203a\u203a\u203a\u203a\u203a Fotos: Julian Gaborek, Richard Maslowski<\/p>\n\t\t\t\t\t\t\t\t\t\t\t\t\t<p class=\"ngg-album-gallery-image-counter\">\n\t\t\t\t\t\t\t\t<strong>218<\/strong>&nbsp;Fotos<\/p>\n\t\t\t\t\t\t\t\t\t\t\t<\/div>\n\t\t\t\t<\/div>\n\t\t\t<\/div>\n\t\t\t\t\t<div class=\"ngg-album\">\n\t\t\t\t<div class=\"ngg-albumcontent\">\n\t\t\t\t\t\t\t\t\t\t\t<div class=\"ngg-thumbnail\">\n\t\t\t\t\t\t\t<a class='gallery_link' href='https:\/\/poloniaoberoesterreich.com\/de\/fotogallerie\/2008-fotogalerie\/nggallery\/album-6\/koncert-patriotyczny-15-11-2008'>\n\t\t\t\t\t\t\t\t<img class=\"Thumb\"\n\t\t\t\t\t\t\t\t\talt=\"Patriotisches Konzert - 15. November 2008\"\n\t\t\t\t\t\t\t\t\tsrc=\"https:\/\/poloniaoberoesterreich.com\/wp-content\/gallery\/konzert-patriotyczny\/cache\/CIMG8375.JPG-nggid03484-ngg0dyn-240x160x100-00f0w010c011r110f110r010t010.JPG\"\/>\n\t\t\t\t\t\t\t<\/a>\n\t\t\t\t\t\t<\/div>\n\t\t\t\t\t\t\t\t\t\t<div class=\"ngg-albumtitle\">\n\t\t\t\t\t\t<a class='gallery_link' href='https:\/\/poloniaoberoesterreich.com\/de\/fotogallerie\/2008-fotogalerie\/nggallery\/album-6\/koncert-patriotyczny-15-11-2008'>Patriotisches Konzert - 15. November 2008<\/a>\n\t\t\t\t\t<\/div>\n\t\t\t\t\t<div class=\"ngg-description\">\n\t\t\t\t\t\t<p>Nach 200 Jahren Gefangenschaft erlangten wir am 11. November 1918 die Unabh\u00e4ngigkeit zur\u00fcck. Aus diesem Anlass fand am 15. November 2008 ein Konzert in Leonding statt, bei dem wir Lieder und Gedichte aus der schwersten Zeit unserer Heimat h\u00f6rten. Darsteller: Jola D\u0119bicka, Andrzej Petryka und Ewa Kus-Maslowski.<\/p>\n\t\t\t\t\t\t\t\t\t\t\t\t\t<p class=\"ngg-album-gallery-image-counter\">\n\t\t\t\t\t\t\t\t<strong>75<\/strong>&nbsp;Fotos<\/p>\n\t\t\t\t\t\t\t\t\t\t\t<\/div>\n\t\t\t\t<\/div>\n\t\t\t<\/div>\n\t\t\t\t\t<div class=\"ngg-album\">\n\t\t\t\t<div class=\"ngg-albumcontent\">\n\t\t\t\t\t\t\t\t\t\t\t<div class=\"ngg-thumbnail\">\n\t\t\t\t\t\t\t<a class='gallery_link' href='https:\/\/poloniaoberoesterreich.com\/de\/fotogallerie\/2008-fotogalerie\/nggallery\/album-6\/wieczor-piesni-z-jolanta-debicka-8-11-2008'>\n\t\t\t\t\t\t\t\t<img class=\"Thumb\"\n\t\t\t\t\t\t\t\t\talt=\"Liederabend mit Jolanta D\u0119bicka - 8. November 2008\"\n\t\t\t\t\t\t\t\t\tsrc=\"https:\/\/poloniaoberoesterreich.com\/wp-content\/gallery\/wieczor-piesni-z-jolanta-debicka\/cache\/CIMG8250.JPG-nggid03417-ngg0dyn-240x160x100-00f0w010c011r110f110r010t010.JPG\"\/>\n\t\t\t\t\t\t\t<\/a>\n\t\t\t\t\t\t<\/div>\n\t\t\t\t\t\t\t\t\t\t<div class=\"ngg-albumtitle\">\n\t\t\t\t\t\t<a class='gallery_link' href='https:\/\/poloniaoberoesterreich.com\/de\/fotogallerie\/2008-fotogalerie\/nggallery\/album-6\/wieczor-piesni-z-jolanta-debicka-8-11-2008'>Liederabend mit Jolanta D\u0119bicka - 8. November 2008<\/a>\n\t\t\t\t\t<\/div>\n\t\t\t\t\t<div class=\"ngg-description\">\n\t\t\t\t\t\t<p>Am Samstag, dem 8. November, sang und spielte die K\u00fcnstlerin beim \u201eLiederabend mit Jolanta D\u0119bicka\u201c Werke herausragender polnischer und ausl\u00e4ndischer Komponisten wie: S. Moniuszko, F. Chopin, F. Lehar, E. De Curtis und R. Sieczy\u0144ski.<\/p>\n\t\t\t\t\t\t\t\t\t\t\t\t\t<p class=\"ngg-album-gallery-image-counter\">\n\t\t\t\t\t\t\t\t<strong>29<\/strong>&nbsp;Fotos<\/p>\n\t\t\t\t\t\t\t\t\t\t\t<\/div>\n\t\t\t\t<\/div>\n\t\t\t<\/div>\n\t\t\t\t\t<div class=\"ngg-album\">\n\t\t\t\t<div class=\"ngg-albumcontent\">\n\t\t\t\t\t\t\t\t\t\t\t<div class=\"ngg-thumbnail\">\n\t\t\t\t\t\t\t<a class='gallery_link' href='https:\/\/poloniaoberoesterreich.com\/de\/fotogallerie\/2008-fotogalerie\/nggallery\/album-6\/gry-w-kregle-25-10-2008'>\n\t\t\t\t\t\t\t\t<img class=\"Thumb\"\n\t\t\t\t\t\t\t\t\talt=\"Bowlingspiele - 25. Oktober 2008\"\n\t\t\t\t\t\t\t\t\tsrc=\"https:\/\/poloniaoberoesterreich.com\/wp-content\/gallery\/kregle\/cache\/bowl04.jpg-nggid03385-ngg0dyn-240x160x100-00f0w010c011r110f110r010t010.jpg\"\/>\n\t\t\t\t\t\t\t<\/a>\n\t\t\t\t\t\t<\/div>\n\t\t\t\t\t\t\t\t\t\t<div class=\"ngg-albumtitle\">\n\t\t\t\t\t\t<a class='gallery_link' href='https:\/\/poloniaoberoesterreich.com\/de\/fotogallerie\/2008-fotogalerie\/nggallery\/album-6\/gry-w-kregle-25-10-2008'>Bowlingspiele - 25. Oktober 2008<\/a>\n\t\t\t\t\t<\/div>\n\t\t\t\t\t<div class=\"ngg-description\">\n\t\t\t\t\t\t<p>Am Samstagnachmittag, 25. Oktober, um 15 Uhr trafen sich Bowlingfans. Unter den Anwesenden waren Stammg\u00e4ste, aber auch solche, die zum ersten Mal einen Ball in der Hand hielten\u2026.<\/p>\n\t\t\t\t\t\t\t\t\t\t\t\t\t<p class=\"ngg-album-gallery-image-counter\">\n\t\t\t\t\t\t\t\t<strong>35<\/strong>&nbsp;Fotos<\/p>\n\t\t\t\t\t\t\t\t\t\t\t<\/div>\n\t\t\t\t<\/div>\n\t\t\t<\/div>\n\t\t\t\t\t<div class=\"ngg-album\">\n\t\t\t\t<div class=\"ngg-albumcontent\">\n\t\t\t\t\t\t\t\t\t\t\t<div class=\"ngg-thumbnail\">\n\t\t\t\t\t\t\t<a class='gallery_link' href='https:\/\/poloniaoberoesterreich.com\/de\/fotogallerie\/2008-fotogalerie\/nggallery\/album-6\/kabaret-po-e-przed-wami-sie-gnie-19-10-2008'>\n\t\t\t\t\t\t\t\t<img class=\"Thumb\"\n\t\t\t\t\t\t\t\t\talt=\" Das Kabarett &quot;Po E liegt vor Ihnen&quot; - 19. Oktober 2008\"\n\t\t\t\t\t\t\t\t\tsrc=\"https:\/\/poloniaoberoesterreich.com\/wp-content\/gallery\/kabarete\/cache\/kabE17.jpg-nggid03253-ngg0dyn-240x160x100-00f0w010c011r110f110r010t010.jpg\"\/>\n\t\t\t\t\t\t\t<\/a>\n\t\t\t\t\t\t<\/div>\n\t\t\t\t\t\t\t\t\t\t<div class=\"ngg-albumtitle\">\n\t\t\t\t\t\t<a class='gallery_link' href='https:\/\/poloniaoberoesterreich.com\/de\/fotogallerie\/2008-fotogalerie\/nggallery\/album-6\/kabaret-po-e-przed-wami-sie-gnie-19-10-2008'> Das Kabarett &quot;Po E liegt vor Ihnen&quot; - 19. Oktober 2008<\/a>\n\t\t\t\t\t<\/div>\n\t\t\t\t\t<div class=\"ngg-description\">\n\t\t\t\t\t\t<p>Am 19. Oktober hatten wir das Vergn\u00fcgen, in Linz das Wiener Kabarett von Herrn Adam Turczy\u0144ski zu veranstalten, der unserem Publikum ein k\u00fcnstlerisches Programm voller Humor und Gesang pr\u00e4sentierte. &gt;&gt;&gt;&gt;&gt; Fotos: Julian Gaborek\r\n<\/p>\n\t\t\t\t\t\t\t\t\t\t\t\t\t<p class=\"ngg-album-gallery-image-counter\">\n\t\t\t\t\t\t\t\t<strong>64<\/strong>&nbsp;Fotos<\/p>\n\t\t\t\t\t\t\t\t\t\t\t<\/div>\n\t\t\t\t<\/div>\n\t\t\t<\/div>\n\t\t\t\t\t<div class=\"ngg-album\">\n\t\t\t\t<div class=\"ngg-albumcontent\">\n\t\t\t\t\t\t\t\t\t\t\t<div class=\"ngg-thumbnail\">\n\t\t\t\t\t\t\t<a class='gallery_link' href='https:\/\/poloniaoberoesterreich.com\/de\/fotogallerie\/2008-fotogalerie\/nggallery\/album-6\/uroczyste-pierwsze-spotkanie-kobiet-11-10-2008'>\n\t\t\t\t\t\t\t\t<img class=\"Thumb\"\n\t\t\t\t\t\t\t\t\talt=\"Feierliches erstes Frauentreffen - 11. Oktober 2008\"\n\t\t\t\t\t\t\t\t\tsrc=\"https:\/\/poloniaoberoesterreich.com\/wp-content\/gallery\/081011_usk\/cache\/CIMG8109.jpg-nggid03223-ngg0dyn-240x160x100-00f0w010c011r110f110r010t010.jpg\"\/>\n\t\t\t\t\t\t\t<\/a>\n\t\t\t\t\t\t<\/div>\n\t\t\t\t\t\t\t\t\t\t<div class=\"ngg-albumtitle\">\n\t\t\t\t\t\t<a class='gallery_link' href='https:\/\/poloniaoberoesterreich.com\/de\/fotogallerie\/2008-fotogalerie\/nggallery\/album-6\/uroczyste-pierwsze-spotkanie-kobiet-11-10-2008'>Feierliches erstes Frauentreffen - 11. Oktober 2008<\/a>\n\t\t\t\t\t<\/div>\n\t\t\t\t\t<div class=\"ngg-description\">\n\t\t\t\t\t\t<p>Samstag, 11. Oktober um 15:00 bis Jugendg\u00e4stehaus, Stanglhofweg 3, 4020 Linz. Das feierliche erste Frauentreffen, bei dem man bei einem Glas Wein \u00fcber alles reden, Erfahrungen austauschen und neue Kontakte kn\u00fcpfen konnte.<\/p>\n\t\t\t\t\t\t\t\t\t\t\t\t\t<p class=\"ngg-album-gallery-image-counter\">\n\t\t\t\t\t\t\t\t<strong>14<\/strong>&nbsp;Fotos<\/p>\n\t\t\t\t\t\t\t\t\t\t\t<\/div>\n\t\t\t\t<\/div>\n\t\t\t<\/div>\n\t\t\t\t\t<div class=\"ngg-album\">\n\t\t\t\t<div class=\"ngg-albumcontent\">\n\t\t\t\t\t\t\t\t\t\t\t<div class=\"ngg-thumbnail\">\n\t\t\t\t\t\t\t<a class='gallery_link' href='https:\/\/poloniaoberoesterreich.com\/de\/fotogallerie\/2008-fotogalerie\/nggallery\/album-6\/spotkanie-z-piosenka-agata-moll-23-09-2008'>\n\t\t\t\t\t\t\t\t<img class=\"Thumb\"\n\t\t\t\t\t\t\t\t\talt=\"Begegnung mit einem Lied - Agata Moll - 23.09.2008\"\n\t\t\t\t\t\t\t\t\tsrc=\"https:\/\/poloniaoberoesterreich.com\/wp-content\/gallery\/spotkanie-z-piosenka-agata-moll\/cache\/moll29.jpg-nggid03213-ngg0dyn-240x160x100-00f0w010c011r110f110r010t010.jpg\"\/>\n\t\t\t\t\t\t\t<\/a>\n\t\t\t\t\t\t<\/div>\n\t\t\t\t\t\t\t\t\t\t<div class=\"ngg-albumtitle\">\n\t\t\t\t\t\t<a class='gallery_link' href='https:\/\/poloniaoberoesterreich.com\/de\/fotogallerie\/2008-fotogalerie\/nggallery\/album-6\/spotkanie-z-piosenka-agata-moll-23-09-2008'>Begegnung mit einem Lied - Agata Moll - 23.09.2008<\/a>\n\t\t\t\t\t<\/div>\n\t\t\t\t\t<div class=\"ngg-description\">\n\t\t\t\t\t\t<p>Unsere Sekret\u00e4rin Agata Moll pr\u00e4sentierte ihre Gesangskunst. Sie begann den Abend mit dem altmodischen Lied \u201eSexapil\u201c und begeisterte dann unser Publikum, indem sie bekannte polnische Lieder pr\u00e4sentierte. &gt;&gt;&gt;&gt;&gt; Fotos: Julian Gaborek\r\n<\/p>\n\t\t\t\t\t\t\t\t\t\t\t\t\t<p class=\"ngg-album-gallery-image-counter\">\n\t\t\t\t\t\t\t\t<strong>38<\/strong>&nbsp;Fotos<\/p>\n\t\t\t\t\t\t\t\t\t\t\t<\/div>\n\t\t\t\t<\/div>\n\t\t\t<\/div>\n\t\t\t\t\t<div class=\"ngg-album\">\n\t\t\t\t<div class=\"ngg-albumcontent\">\n\t\t\t\t\t\t\t\t\t\t\t<div class=\"ngg-thumbnail\">\n\t\t\t\t\t\t\t<a class='gallery_link' href='https:\/\/poloniaoberoesterreich.com\/de\/fotogallerie\/2008-fotogalerie\/nggallery\/album-6\/polska-niedziela-sportowa-21-09-2008'>\n\t\t\t\t\t\t\t\t<img class=\"Thumb\"\n\t\t\t\t\t\t\t\t\talt=\"&quot;Polnischer Sportsonntag&quot; - 21. September 2008\"\n\t\t\t\t\t\t\t\t\tsrc=\"https:\/\/poloniaoberoesterreich.com\/wp-content\/gallery\/080921_pns\/cache\/pns02.jpg-nggid03154-ngg0dyn-240x160x100-00f0w010c011r110f110r010t010.jpg\"\/>\n\t\t\t\t\t\t\t<\/a>\n\t\t\t\t\t\t<\/div>\n\t\t\t\t\t\t\t\t\t\t<div class=\"ngg-albumtitle\">\n\t\t\t\t\t\t<a class='gallery_link' href='https:\/\/poloniaoberoesterreich.com\/de\/fotogallerie\/2008-fotogalerie\/nggallery\/album-6\/polska-niedziela-sportowa-21-09-2008'>&quot;Polnischer Sportsonntag&quot; - 21. September 2008<\/a>\n\t\t\t\t\t<\/div>\n\t\t\t\t\t<div class=\"ngg-description\">\n\t\t\t\t\t\t<p>21. September 2008 - &quot;Polnischer Sportsonntag&quot; im Rahmen der 17. Polnischen Kulturtage in \u00d6sterreich. Trotz des sehr wechselhaften Wetters fanden ein Spiel der Linzer Vertretung gegen das Team aus Wien statt, sowie eine Reihe interessanter Spiele und Veranstaltungen. Kamera: Julian Gaborek\r\n<\/p>\n\t\t\t\t\t\t\t\t\t\t\t\t\t<p class=\"ngg-album-gallery-image-counter\">\n\t\t\t\t\t\t\t\t<strong>32<\/strong>&nbsp;Fotos<\/p>\n\t\t\t\t\t\t\t\t\t\t\t<\/div>\n\t\t\t\t<\/div>\n\t\t\t<\/div>\n\t\t\t\t\t<div class=\"ngg-album\">\n\t\t\t\t<div class=\"ngg-albumcontent\">\n\t\t\t\t\t\t\t\t\t\t\t<div class=\"ngg-thumbnail\">\n\t\t\t\t\t\t\t<a class='gallery_link' href='https:\/\/poloniaoberoesterreich.com\/de\/fotogallerie\/2008-fotogalerie\/nggallery\/album-6\/otwarcie-dzialalnosci-wpwga-13-09-2008'>\n\t\t\t\t\t\t\t\t<img class=\"Thumb\"\n\t\t\t\t\t\t\t\t\talt=\"Er\u00f6ffnung der WPwGA - 13. September 2008\"\n\t\t\t\t\t\t\t\t\tsrc=\"https:\/\/poloniaoberoesterreich.com\/wp-content\/gallery\/080913_otw\/cache\/Otwarcie-Dzialalnosci-WPWGA_Polonia-Oberoesterreich01.jpg-nggid0550519-ngg0dyn-240x160x100-00f0w010c011r110f110r010t010.jpg\"\/>\n\t\t\t\t\t\t\t<\/a>\n\t\t\t\t\t\t<\/div>\n\t\t\t\t\t\t\t\t\t\t<div class=\"ngg-albumtitle\">\n\t\t\t\t\t\t<a class='gallery_link' href='https:\/\/poloniaoberoesterreich.com\/de\/fotogallerie\/2008-fotogalerie\/nggallery\/album-6\/otwarcie-dzialalnosci-wpwga-13-09-2008'>Er\u00f6ffnung der WPwGA - 13. September 2008<\/a>\n\t\t\t\t\t<\/div>\n\t\t\t\t\t<div class=\"ngg-description\">\n\t\t\t\t\t\t<p>Am 13.09.2008 im Gemeindehaus St. Michael in Leonding fand ein Gr\u00fcndungstreffen der Mitglieder und Unterst\u00fctzer der neuen polnischen Gemeinschaftsorganisation namens - Gemeinschaft der Polen in Ober\u00f6sterreich statt. Der Initiator der Organisation war Herr Julian Gaborek, derzeit Pr\u00e4sident der \u201eCommunity\u201c. Fotos: Dworczak Miros\u0142aw\r\n<\/p>\n\t\t\t\t\t\t\t\t\t\t\t\t\t<p class=\"ngg-album-gallery-image-counter\">\n\t\t\t\t\t\t\t\t<strong>48<\/strong>&nbsp;Fotos<\/p>\n\t\t\t\t\t\t\t\t\t\t\t<\/div>\n\t\t\t\t<\/div>\n\t\t\t<\/div>\n\t\t\t\t<div class='ngg-clear'><\/div>\t<\/div>\n<\/p>\n\t\t\t\t\t\t\t\t<\/div>\n\t\t\t\t\t<\/div>\n\t\t<\/div>\n\t\t\t\t<div class=\"elementor-column elementor-col-50 elementor-inner-column elementor-element elementor-element-714d4cc5 elementor-hidden-mobile\" data-id=\"714d4cc5\" data-element_type=\"column\" data-settings=\"{&quot;background_background&quot;:&quot;classic&quot;}\">\n\t\t\t<div class=\"elementor-widget-wrap elementor-element-populated\">\n\t\t\t\t\t\t<div class=\"elementor-element elementor-element-7f081f82 elementor-share-buttons--view-icon elementor-grid-tablet-3 elementor-grid-mobile-5 elementor-share-buttons--skin-gradient elementor-share-buttons--shape-square elementor-grid-0 elementor-share-buttons--color-official elementor-widget elementor-widget-share-buttons\" data-id=\"7f081f82\" data-element_type=\"widget\" data-widget_type=\"share-buttons.default\">\n\t\t\t\t\t\t\t<div class=\"elementor-grid\" role=\"list\">\n\t\t\t\t\t\t\t\t<div class=\"elementor-grid-item\" role=\"listitem\">\n\t\t\t\t\t\t<div class=\"elementor-share-btn elementor-share-btn_facebook\" role=\"button\" tabindex=\"0\" aria-label=\"Share on facebook\" data-no-translation-aria-label=\"\">\n\t\t\t\t\t\t\t\t\t\t\t\t\t\t\t<span class=\"elementor-share-btn__icon\">\n\t\t\t\t\t\t\t\t<i class=\"fab fa-facebook\" aria-hidden=\"true\"><\/i>\t\t\t\t\t\t\t<\/span>\n\t\t\t\t\t\t\t\t\t\t\t\t\t\t\t\t\t\t\t\t<\/div>\n\t\t\t\t\t<\/div>\n\t\t\t\t\t\t\t\t\t<div class=\"elementor-grid-item\" role=\"listitem\">\n\t\t\t\t\t\t<div class=\"elementor-share-btn elementor-share-btn_twitter\" role=\"button\" tabindex=\"0\" aria-label=\"Share on twitter\" data-no-translation-aria-label=\"\">\n\t\t\t\t\t\t\t\t\t\t\t\t\t\t\t<span class=\"elementor-share-btn__icon\">\n\t\t\t\t\t\t\t\t<i class=\"fab fa-twitter\" aria-hidden=\"true\"><\/i>\t\t\t\t\t\t\t<\/span>\n\t\t\t\t\t\t\t\t\t\t\t\t\t\t\t\t\t\t\t\t<\/div>\n\t\t\t\t\t<\/div>\n\t\t\t\t\t\t\t\t\t<div class=\"elementor-grid-item\" role=\"listitem\">\n\t\t\t\t\t\t<div class=\"elementor-share-btn elementor-share-btn_linkedin\" role=\"button\" tabindex=\"0\" aria-label=\"Share on linkedin\" data-no-translation-aria-label=\"\">\n\t\t\t\t\t\t\t\t\t\t\t\t\t\t\t<span class=\"elementor-share-btn__icon\">\n\t\t\t\t\t\t\t\t<i class=\"fab fa-linkedin\" aria-hidden=\"true\"><\/i>\t\t\t\t\t\t\t<\/span>\n\t\t\t\t\t\t\t\t\t\t\t\t\t\t\t\t\t\t\t\t<\/div>\n\t\t\t\t\t<\/div>\n\t\t\t\t\t\t\t\t\t<div class=\"elementor-grid-item\" role=\"listitem\">\n\t\t\t\t\t\t<div class=\"elementor-share-btn elementor-share-btn_whatsapp\" role=\"button\" tabindex=\"0\" aria-label=\"Share on whatsapp\" data-no-translation-aria-label=\"\">\n\t\t\t\t\t\t\t\t\t\t\t\t\t\t\t<span class=\"elementor-share-btn__icon\">\n\t\t\t\t\t\t\t\t<i class=\"fab fa-whatsapp\" aria-hidden=\"true\"><\/i>\t\t\t\t\t\t\t<\/span>\n\t\t\t\t\t\t\t\t\t\t\t\t\t\t\t\t\t\t\t\t<\/div>\n\t\t\t\t\t<\/div>\n\t\t\t\t\t\t<\/div>\n\t\t\t\t\t\t<\/div>\n\t\t\t\t<div class=\"elementor-element elementor-element-6292cdf elementor-widget elementor-widget-heading\" data-id=\"6292cdf\" data-element_type=\"widget\" data-widget_type=\"heading.default\">\n\t\t\t\t\t<h2 class=\"elementor-heading-title elementor-size-default\">Kategorie<\/h2>\t\t\t\t<\/div>\n\t\t\t\t<div class=\"elementor-element elementor-element-605d5de elementor-nav-menu--dropdown-none elementor-widget elementor-widget-nav-menu\" data-id=\"605d5de\" data-element_type=\"widget\" data-settings=\"{&quot;layout&quot;:&quot;vertical&quot;,&quot;submenu_icon&quot;:{&quot;value&quot;:&quot;&lt;i class=\\&quot;fas fa-caret-down\\&quot; aria-hidden=\\&quot;true\\&quot;&gt;&lt;\\\/i&gt;&quot;,&quot;library&quot;:&quot;fa-solid&quot;}}\" data-widget_type=\"nav-menu.default\">\n\t\t\t\t\t\t\t\t<nav aria-label=\"Men\u00fc\" class=\"elementor-nav-menu--main elementor-nav-menu__container elementor-nav-menu--layout-vertical e--pointer-underline e--animation-fade\">\n\t\t\t\t<ul id=\"menu-1-605d5de\" class=\"elementor-nav-menu sm-vertical\"><li class=\"menu-item menu-item-type-post_type menu-item-object-page menu-item-29013\"><a href=\"https:\/\/poloniaoberoesterreich.com\/de\/fotogallerie\/\" class=\"elementor-item\">Fotogalerie<\/a><\/li>\n<li class=\"menu-item menu-item-type-post_type menu-item-object-page menu-item-145522\"><a href=\"https:\/\/poloniaoberoesterreich.com\/de\/fotogallerie\/2026-foto-galerie\/\" class=\"elementor-item\">2026<\/a><\/li>\n<li class=\"menu-item menu-item-type-post_type menu-item-object-page menu-item-141345\"><a href=\"https:\/\/poloniaoberoesterreich.com\/de\/fotogallerie\/2025-foto-galerie\/\" class=\"elementor-item\">2025<\/a><\/li>\n<li class=\"menu-item menu-item-type-post_type menu-item-object-page menu-item-131339\"><a href=\"https:\/\/poloniaoberoesterreich.com\/de\/fotogallerie\/2024-foto-galerie\/\" class=\"elementor-item\">2024<\/a><\/li>\n<li class=\"menu-item menu-item-type-post_type menu-item-object-page menu-item-95720\"><a href=\"https:\/\/poloniaoberoesterreich.com\/de\/fotogallerie\/2023-foto-galerie\/\" class=\"elementor-item\">2023<\/a><\/li>\n<li class=\"menu-item menu-item-type-post_type menu-item-object-page menu-item-29028\"><a href=\"https:\/\/poloniaoberoesterreich.com\/de\/fotogallerie\/2022-fotogalerie\/\" class=\"elementor-item\">2022<\/a><\/li>\n<li class=\"menu-item menu-item-type-post_type menu-item-object-page menu-item-29027\"><a href=\"https:\/\/poloniaoberoesterreich.com\/de\/fotogallerie\/2021-fotogalerie\/\" class=\"elementor-item\">2021<\/a><\/li>\n<li class=\"menu-item menu-item-type-post_type menu-item-object-page menu-item-29026\"><a href=\"https:\/\/poloniaoberoesterreich.com\/de\/fotogallerie\/2020-fotogalerie\/\" class=\"elementor-item\">2020<\/a><\/li>\n<li class=\"menu-item menu-item-type-post_type menu-item-object-page menu-item-29025\"><a href=\"https:\/\/poloniaoberoesterreich.com\/de\/fotogallerie\/2019-fotogalerie\/\" class=\"elementor-item\">2019<\/a><\/li>\n<li class=\"menu-item menu-item-type-post_type menu-item-object-page menu-item-29024\"><a href=\"https:\/\/poloniaoberoesterreich.com\/de\/fotogallerie\/2018-fotogalerie\/\" class=\"elementor-item\">2018<\/a><\/li>\n<li class=\"menu-item menu-item-type-post_type menu-item-object-page menu-item-29023\"><a href=\"https:\/\/poloniaoberoesterreich.com\/de\/fotogallerie\/2017-fotogalerie\/\" class=\"elementor-item\">2017<\/a><\/li>\n<li class=\"menu-item menu-item-type-post_type menu-item-object-page menu-item-29022\"><a href=\"https:\/\/poloniaoberoesterreich.com\/de\/fotogallerie\/2016-fotogalerie\/\" class=\"elementor-item\">2016<\/a><\/li>\n<li class=\"menu-item menu-item-type-post_type menu-item-object-page menu-item-29021\"><a href=\"https:\/\/poloniaoberoesterreich.com\/de\/fotogallerie\/2015-fotogalerie\/\" class=\"elementor-item\">2015<\/a><\/li>\n<li class=\"menu-item menu-item-type-post_type menu-item-object-page menu-item-29020\"><a href=\"https:\/\/poloniaoberoesterreich.com\/de\/fotogallerie\/2014-fotogalerie\/\" class=\"elementor-item\">2014<\/a><\/li>\n<li class=\"menu-item menu-item-type-post_type menu-item-object-page menu-item-29019\"><a href=\"https:\/\/poloniaoberoesterreich.com\/de\/fotogallerie\/2013-fotogalerie\/\" class=\"elementor-item\">2013<\/a><\/li>\n<li class=\"menu-item menu-item-type-post_type menu-item-object-page menu-item-29018\"><a href=\"https:\/\/poloniaoberoesterreich.com\/de\/fotogallerie\/2012-fotogalerie\/\" class=\"elementor-item\">2012<\/a><\/li>\n<li class=\"menu-item menu-item-type-post_type menu-item-object-page menu-item-29017\"><a href=\"https:\/\/poloniaoberoesterreich.com\/de\/fotogallerie\/2011-fotogalerie\/\" class=\"elementor-item\">2011<\/a><\/li>\n<li class=\"menu-item menu-item-type-post_type menu-item-object-page menu-item-29016\"><a href=\"https:\/\/poloniaoberoesterreich.com\/de\/fotogallerie\/2010-fotogalerie\/\" class=\"elementor-item\">2010<\/a><\/li>\n<li class=\"menu-item menu-item-type-post_type menu-item-object-page menu-item-29015\"><a href=\"https:\/\/poloniaoberoesterreich.com\/de\/fotogallerie\/2009-fotogalerie\/\" class=\"elementor-item\">2009<\/a><\/li>\n<li class=\"menu-item menu-item-type-post_type menu-item-object-page menu-item-29029\"><a href=\"https:\/\/poloniaoberoesterreich.com\/de\/fotogallerie\/2008-fotogalerie\/\" class=\"elementor-item\">2008<\/a><\/li>\n<\/ul>\t\t\t<\/nav>\n\t\t\t\t\t\t<nav class=\"elementor-nav-menu--dropdown elementor-nav-menu__container\" aria-hidden=\"true\">\n\t\t\t\t<ul id=\"menu-2-605d5de\" class=\"elementor-nav-menu sm-vertical\"><li class=\"menu-item menu-item-type-post_type menu-item-object-page menu-item-29013\"><a href=\"https:\/\/poloniaoberoesterreich.com\/de\/fotogallerie\/\" class=\"elementor-item\" tabindex=\"-1\">Fotogalerie<\/a><\/li>\n<li class=\"menu-item menu-item-type-post_type menu-item-object-page menu-item-145522\"><a href=\"https:\/\/poloniaoberoesterreich.com\/de\/fotogallerie\/2026-foto-galerie\/\" class=\"elementor-item\" tabindex=\"-1\">2026<\/a><\/li>\n<li class=\"menu-item menu-item-type-post_type menu-item-object-page menu-item-141345\"><a href=\"https:\/\/poloniaoberoesterreich.com\/de\/fotogallerie\/2025-foto-galerie\/\" class=\"elementor-item\" tabindex=\"-1\">2025<\/a><\/li>\n<li class=\"menu-item menu-item-type-post_type menu-item-object-page menu-item-131339\"><a href=\"https:\/\/poloniaoberoesterreich.com\/de\/fotogallerie\/2024-foto-galerie\/\" class=\"elementor-item\" tabindex=\"-1\">2024<\/a><\/li>\n<li class=\"menu-item menu-item-type-post_type menu-item-object-page menu-item-95720\"><a href=\"https:\/\/poloniaoberoesterreich.com\/de\/fotogallerie\/2023-foto-galerie\/\" class=\"elementor-item\" tabindex=\"-1\">2023<\/a><\/li>\n<li class=\"menu-item menu-item-type-post_type menu-item-object-page menu-item-29028\"><a href=\"https:\/\/poloniaoberoesterreich.com\/de\/fotogallerie\/2022-fotogalerie\/\" class=\"elementor-item\" tabindex=\"-1\">2022<\/a><\/li>\n<li class=\"menu-item menu-item-type-post_type menu-item-object-page menu-item-29027\"><a href=\"https:\/\/poloniaoberoesterreich.com\/de\/fotogallerie\/2021-fotogalerie\/\" class=\"elementor-item\" tabindex=\"-1\">2021<\/a><\/li>\n<li class=\"menu-item menu-item-type-post_type menu-item-object-page menu-item-29026\"><a href=\"https:\/\/poloniaoberoesterreich.com\/de\/fotogallerie\/2020-fotogalerie\/\" class=\"elementor-item\" tabindex=\"-1\">2020<\/a><\/li>\n<li class=\"menu-item menu-item-type-post_type menu-item-object-page menu-item-29025\"><a href=\"https:\/\/poloniaoberoesterreich.com\/de\/fotogallerie\/2019-fotogalerie\/\" class=\"elementor-item\" tabindex=\"-1\">2019<\/a><\/li>\n<li class=\"menu-item menu-item-type-post_type menu-item-object-page menu-item-29024\"><a href=\"https:\/\/poloniaoberoesterreich.com\/de\/fotogallerie\/2018-fotogalerie\/\" class=\"elementor-item\" tabindex=\"-1\">2018<\/a><\/li>\n<li class=\"menu-item menu-item-type-post_type menu-item-object-page menu-item-29023\"><a href=\"https:\/\/poloniaoberoesterreich.com\/de\/fotogallerie\/2017-fotogalerie\/\" class=\"elementor-item\" tabindex=\"-1\">2017<\/a><\/li>\n<li class=\"menu-item menu-item-type-post_type menu-item-object-page menu-item-29022\"><a href=\"https:\/\/poloniaoberoesterreich.com\/de\/fotogallerie\/2016-fotogalerie\/\" class=\"elementor-item\" tabindex=\"-1\">2016<\/a><\/li>\n<li class=\"menu-item menu-item-type-post_type menu-item-object-page menu-item-29021\"><a href=\"https:\/\/poloniaoberoesterreich.com\/de\/fotogallerie\/2015-fotogalerie\/\" class=\"elementor-item\" tabindex=\"-1\">2015<\/a><\/li>\n<li class=\"menu-item menu-item-type-post_type menu-item-object-page menu-item-29020\"><a href=\"https:\/\/poloniaoberoesterreich.com\/de\/fotogallerie\/2014-fotogalerie\/\" class=\"elementor-item\" tabindex=\"-1\">2014<\/a><\/li>\n<li class=\"menu-item menu-item-type-post_type menu-item-object-page menu-item-29019\"><a href=\"https:\/\/poloniaoberoesterreich.com\/de\/fotogallerie\/2013-fotogalerie\/\" class=\"elementor-item\" tabindex=\"-1\">2013<\/a><\/li>\n<li class=\"menu-item menu-item-type-post_type menu-item-object-page menu-item-29018\"><a href=\"https:\/\/poloniaoberoesterreich.com\/de\/fotogallerie\/2012-fotogalerie\/\" class=\"elementor-item\" tabindex=\"-1\">2012<\/a><\/li>\n<li class=\"menu-item menu-item-type-post_type menu-item-object-page menu-item-29017\"><a href=\"https:\/\/poloniaoberoesterreich.com\/de\/fotogallerie\/2011-fotogalerie\/\" class=\"elementor-item\" tabindex=\"-1\">2011<\/a><\/li>\n<li class=\"menu-item menu-item-type-post_type menu-item-object-page menu-item-29016\"><a href=\"https:\/\/poloniaoberoesterreich.com\/de\/fotogallerie\/2010-fotogalerie\/\" class=\"elementor-item\" tabindex=\"-1\">2010<\/a><\/li>\n<li class=\"menu-item menu-item-type-post_type menu-item-object-page menu-item-29015\"><a href=\"https:\/\/poloniaoberoesterreich.com\/de\/fotogallerie\/2009-fotogalerie\/\" class=\"elementor-item\" tabindex=\"-1\">2009<\/a><\/li>\n<li class=\"menu-item menu-item-type-post_type menu-item-object-page menu-item-29029\"><a href=\"https:\/\/poloniaoberoesterreich.com\/de\/fotogallerie\/2008-fotogalerie\/\" class=\"elementor-item\" tabindex=\"-1\">2008<\/a><\/li>\n<\/ul>\t\t\t<\/nav>\n\t\t\t\t\t\t<\/div>\n\t\t\t\t\t<\/div>\n\t\t<\/div>\n\t\t\t\t\t<\/div>\n\t\t<\/section>\n\t\t\t\t\t<\/div>\n\t\t<\/div>\n\t\t\t\t\t<\/div>\n\t\t<\/section>\n\t\t\t\t<\/div>","protected":false},"excerpt":{"rendered":"<p>Fotogalerie Seite von 2008<\/p>","protected":false},"author":1,"featured_media":0,"parent":23550,"menu_order":0,"comment_status":"closed","ping_status":"closed","template":"elementor_header_footer","meta":{"_seopress_robots_primary_cat":"","_seopress_titles_title":"Foto Galeria z roku 2008 - Wsp\u00f3lnota Polak\u00f3w w G\u00f3rnej Austrii","_seopress_titles_desc":"","_seopress_robots_index":"","ngg_post_thumbnail":0,"footnotes":""},"class_list":["post-26782","page","type-page","status-publish"],"_links":{"self":[{"href":"https:\/\/poloniaoberoesterreich.com\/de\/wp-json\/wp\/v2\/pages\/26782","targetHints":{"allow":["GET"]}}],"collection":[{"href":"https:\/\/poloniaoberoesterreich.com\/de\/wp-json\/wp\/v2\/pages"}],"about":[{"href":"https:\/\/poloniaoberoesterreich.com\/de\/wp-json\/wp\/v2\/types\/page"}],"author":[{"embeddable":true,"href":"https:\/\/poloniaoberoesterreich.com\/de\/wp-json\/wp\/v2\/users\/1"}],"replies":[{"embeddable":true,"href":"https:\/\/poloniaoberoesterreich.com\/de\/wp-json\/wp\/v2\/comments?post=26782"}],"version-history":[{"count":0,"href":"https:\/\/poloniaoberoesterreich.com\/de\/wp-json\/wp\/v2\/pages\/26782\/revisions"}],"up":[{"embeddable":true,"href":"https:\/\/poloniaoberoesterreich.com\/de\/wp-json\/wp\/v2\/pages\/23550"}],"wp:attachment":[{"href":"https:\/\/poloniaoberoesterreich.com\/de\/wp-json\/wp\/v2\/media?parent=26782"}],"curies":[{"name":"wp","href":"https:\/\/api.w.org\/{rel}","templated":true}]}}